{"id":4500,"date":"2025-10-24T13:57:33","date_gmt":"2025-10-24T12:57:33","guid":{"rendered":"https:\/\/www.notredamedesion.fr\/lycee\/?page_id=4500"},"modified":"2025-11-05T20:37:18","modified_gmt":"2025-11-05T19:37:18","slug":"notre-prepa","status":"publish","type":"page","link":"https:\/\/www.notredamedesion.fr\/lycee\/prepa_mpsi_mp\/notre-prepa\/","title":{"rendered":"Notre pr\u00e9pa"},"content":{"rendered":"\t\t<div data-elementor-type=\"wp-post\" data-elementor-id=\"4500\" class=\"elementor elementor-4500\">\n\t\t\t\t\t\t<section class=\"elementor-section elementor-top-section elementor-element elementor-element-51ef4b7 elementor-section-stretched lt-services elementor-section-boxed elementor-section-height-default elementor-section-height-default\" data-id=\"51ef4b7\" data-element_type=\"section\" data-e-type=\"section\" data-settings=\"{&quot;stretch_section&quot;:&quot;section-stretched&quot;,&quot;background_background&quot;:&quot;classic&quot;,&quot;shape_divider_bottom&quot;:&quot;tilt&quot;}\">\n\t\t\t\t\t<div class=\"elementor-shape elementor-shape-bottom\" aria-hidden=\"true\" data-negative=\"false\">\n\t\t\t<svg xmlns=\"http:\/\/www.w3.org\/2000\/svg\" viewBox=\"0 0 1000 100\" preserveAspectRatio=\"none\">\n\t<path class=\"elementor-shape-fill\" d=\"M0,6V0h1000v100L0,6z\"\/>\n<\/svg>\t\t<\/div>\n\t\t\t\t\t<div class=\"elementor-container elementor-column-gap-default\">\n\t\t\t\t\t<div class=\"elementor-column elementor-col-100 elementor-top-column elementor-element elementor-element-4435425\" data-id=\"4435425\" data-element_type=\"column\" data-e-type=\"column\">\n\t\t\t<div class=\"elementor-widget-wrap\">\n\t\t\t\t\t\t\t<\/div>\n\t\t<\/div>\n\t\t\t\t\t<\/div>\n\t\t<\/section>\n\t\t\t\t<section class=\"elementor-section elementor-top-section elementor-element elementor-element-64fd299 elementor-section-boxed elementor-section-height-default elementor-section-height-default\" data-id=\"64fd299\" data-element_type=\"section\" data-e-type=\"section\">\n\t\t\t\t\t\t<div class=\"elementor-container elementor-column-gap-default\">\n\t\t\t\t\t<div class=\"elementor-column elementor-col-100 elementor-top-column elementor-element elementor-element-b8e7ca1\" data-id=\"b8e7ca1\" data-element_type=\"column\" data-e-type=\"column\">\n\t\t\t<div class=\"elementor-widget-wrap elementor-element-populated\">\n\t\t\t\t\t\t<div class=\"elementor-element elementor-element-5d7d3c1 elementor-widget elementor-widget-heading\" data-id=\"5d7d3c1\" data-element_type=\"widget\" data-e-type=\"widget\" data-widget_type=\"heading.default\">\n\t\t\t\t<div class=\"elementor-widget-container\">\n\t\t\t\t\t<h3 class=\"elementor-heading-title elementor-size-default\"><h2>La pr\u00e9pa scientifique de Notre Dame de Sion.<\/h2><\/h3>\t\t\t\t<\/div>\n\t\t\t\t<\/div>\n\t\t\t\t\t<\/div>\n\t\t<\/div>\n\t\t\t\t\t<\/div>\n\t\t<\/section>\n\t\t\t\t<section class=\"elementor-section elementor-top-section elementor-element elementor-element-7c9da77 elementor-section-boxed elementor-section-height-default elementor-section-height-default\" data-id=\"7c9da77\" data-element_type=\"section\" data-e-type=\"section\">\n\t\t\t\t\t\t<div class=\"elementor-container elementor-column-gap-default\">\n\t\t\t\t\t<div class=\"elementor-column elementor-col-100 elementor-top-column elementor-element elementor-element-4c7a0db\" data-id=\"4c7a0db\" data-element_type=\"column\" data-e-type=\"column\">\n\t\t\t<div class=\"elementor-widget-wrap elementor-element-populated\">\n\t\t\t\t\t\t<div class=\"elementor-element elementor-element-b2634b3 elementor-widget elementor-widget-spacer\" data-id=\"b2634b3\" data-element_type=\"widget\" data-e-type=\"widget\" data-widget_type=\"spacer.default\">\n\t\t\t\t<div class=\"elementor-widget-container\">\n\t\t\t\t\t\t\t<div class=\"elementor-spacer\">\n\t\t\t<div class=\"elementor-spacer-inner\"><\/div>\n\t\t<\/div>\n\t\t\t\t\t\t<\/div>\n\t\t\t\t<\/div>\n\t\t\t\t\t<\/div>\n\t\t<\/div>\n\t\t\t\t\t<\/div>\n\t\t<\/section>\n\t\t\t\t<section class=\"elementor-section elementor-top-section elementor-element elementor-element-f96efa6 elementor-section-boxed elementor-section-height-default elementor-section-height-default\" data-id=\"f96efa6\" data-element_type=\"section\" data-e-type=\"section\">\n\t\t\t\t\t\t<div class=\"elementor-container elementor-column-gap-default\">\n\t\t\t\t\t<div class=\"elementor-column elementor-col-100 elementor-top-column elementor-element elementor-element-9f6059c\" data-id=\"9f6059c\" data-element_type=\"column\" data-e-type=\"column\">\n\t\t\t<div class=\"elementor-widget-wrap elementor-element-populated\">\n\t\t\t\t\t\t<div class=\"elementor-element elementor-element-d95de08 elementor-widget elementor-widget-image\" data-id=\"d95de08\" data-element_type=\"widget\" data-e-type=\"widget\" data-widget_type=\"image.default\">\n\t\t\t\t<div class=\"elementor-widget-container\">\n\t\t\t\t\t\t\t\t\t\t\t\t\t\t\t<img fetchpriority=\"high\" decoding=\"async\" width=\"840\" height=\"84\" src=\"https:\/\/www.notredamedesion.fr\/lycee\/wp-content\/uploads\/2025\/03\/PanoradeN201ban-1024x103.jpg\" class=\"attachment-large size-large wp-image-2928\" alt=\"\" srcset=\"https:\/\/www.notredamedesion.fr\/lycee\/wp-content\/uploads\/2025\/03\/PanoradeN201ban-1024x103.jpg 1024w, https:\/\/www.notredamedesion.fr\/lycee\/wp-content\/uploads\/2025\/03\/PanoradeN201ban-500x50.jpg 500w, https:\/\/www.notredamedesion.fr\/lycee\/wp-content\/uploads\/2025\/03\/PanoradeN201ban-768x77.jpg 768w, https:\/\/www.notredamedesion.fr\/lycee\/wp-content\/uploads\/2025\/03\/PanoradeN201ban-1200x121.jpg 1200w, https:\/\/www.notredamedesion.fr\/lycee\/wp-content\/uploads\/2025\/03\/PanoradeN201ban.jpg 1510w\" sizes=\"(max-width: 709px) 85vw, (max-width: 909px) 67vw, (max-width: 1362px) 62vw, 840px\" \/>\t\t\t\t\t\t\t\t\t\t\t\t\t\t\t<\/div>\n\t\t\t\t<\/div>\n\t\t\t\t<div class=\"elementor-element elementor-element-274a8e8 elementor-widget elementor-widget-text-editor\" data-id=\"274a8e8\" data-element_type=\"widget\" data-e-type=\"widget\" data-widget_type=\"text-editor.default\">\n\t\t\t\t<div class=\"elementor-widget-container\">\n\t\t\t\t\t\t\t\t\t<h2><span style=\"font-weight: 600; font-size: 17px;\">\u00a0<\/span><span style=\"font-weight: 600; font-size: 17px;\">Historique<\/span><\/h2><p>Notre pr\u00e9pa est apparue en 1992, au terme d&rsquo;une d\u00e9marche collective de l&rsquo;Enseignement Catholique Marseillais.<br \/>Cette cr\u00e9ation ne se justifiait que si elle apportait du nouveau \u00e0 Marseille, dans la mani\u00e8re de vivre sa pr\u00e9pa.<br \/>C&rsquo;est \u00e0 partir de quelques id\u00e9es simples: exigence et rigueur dans le travail, mais compr\u00e9hension et humanit\u00e9 vis \u00e0 vis des personnes, que nous avons r\u00e9dig\u00e9 <a href=\"http:\/\/www.notredamedesion.fr\/prepas\/mpsi-et-mp\/notre-prepa\/charte-educative\/\">la charte \u00e9ducative<\/a> qui d\u00e9finit le caract\u00e8re particulier de la pr\u00e9pa de Sion.<\/p><p><a href=\"http:\/\/www.notredamedesion.fr\/prepas\/mpsi-et-mp\/notre-prepa\/equipe\/\">Un professeur de l&rsquo;\u00e9quipe de professeurs recrut\u00e9e en 1992 <\/a>enseigne encore en MPSI et MP.<\/p><h3>Le cadre<\/h3><p>L&rsquo;organisation int\u00e8gre les horaires officiels et les principes de la charte \u00e9ducative dans le cadre du lyc\u00e9e Notre Dame de Sion, qui poss\u00e8de par ailleurs un second cycle d&rsquo;enseignement g\u00e9n\u00e9ral et des classes pr\u00e9paratoires \u00e9conomiques. Les activit\u00e9s se d\u00e9roulent, sauf l&rsquo;EPS et les travaux pratiques de physique-chimie, dans un b\u00e2timent s\u00e9par\u00e9 qui a \u00e9t\u00e9 r\u00e9nov\u00e9 et am\u00e9nag\u00e9 pour les classes pr\u00e9paratoires en 1995, r\u00e9nov\u00e9 en 2021, reb\u00e2ti en 2024-25. Ceci permet notamment de disposer de boxes d&rsquo;\u00e9tude pour les interrogations orales et les travaux des \u00e9l\u00e8ves en petits groupes.<\/p><h3>L&#8217;emploi du temps.<\/h3><p>Il facilite le travail personnel des \u00e9l\u00e8ves, en les lib\u00e9rant le plus t\u00f4t possible dans l&rsquo;apr\u00e8s-midi. Dans ce but, les cours du matin commencent \u00e0 7h55 et se terminent \u00e0 11h45. Les cours de l&rsquo;apr\u00e8s-midi recommencent \u00e0 12h55 et peuvent se terminer \u00e0 14h45, 16h45 ou 17h30 selon les jours. Cet emploi du temps peut convenir aux sportifs de haut niveau qui souhaiteraient mener de front \u00e9tudes et comp\u00e9titions.<\/p><p>Il peut y avoir ensuite deux interrogations orales, dont l&rsquo;horaire varie chaque semaine. Pour l&rsquo;organisation de ces oraux, nous tenons compte du temps de trajet des \u00e9l\u00e8ves. Dans un souci de coh\u00e9rence p\u00e9dagogique, nous avons supprim\u00e9 les cours du samedi et plac\u00e9 le contr\u00f4le \u00e9crit hebdomadaire le lundi matin. La pr\u00e9paration du contr\u00f4le est ainsi rendue ind\u00e9pendante du travail r\u00e9gulier \u00e0 faire en semaine, et prend place sur le week-end.<\/p><h3>\u00c9valuation<\/h3><h4>Contr\u00f4les hebdomadaires<\/h4><ul><li>un devoir surveill\u00e9 par semaine auquel se rajoutent des interrogations r\u00e9guli\u00e8res,<\/li><li>un oral de math\u00e9matiques d&rsquo;une heure par groupe de trois \u00e9l\u00e8ves,<\/li><li>un oral alternativement de physique ou LV I d&rsquo;une heure par groupe de trois \u00e9l\u00e8ves.<\/li><\/ul><h4>Contr\u00f4les annuels<\/h4><ul><li>\u00e9preuves r\u00e9capitulatives de fin d&rsquo;ann\u00e9e en math sup, dans la semaine qui pr\u00e9c\u00e8de le conseil d&rsquo;orientation,<\/li><li>un concours blanc avec copies anonymes en math sp\u00e9 au retour des vacances de f\u00e9vrier.<\/li><\/ul><p>Les oraux ont lieu l&rsquo;apr\u00e8s-midi sur des horaires variables et se terminent au plus tard \u00e0 19h.<br \/>L&#8217;emploi du temps r\u00e9gulier couvre 36 semaines en math sup et 26-27 semaines en math sp\u00e9, plus deux semaines de r\u00e9visions d&rsquo;\u00e9crit et deux semaines de r\u00e9visions d&rsquo;oral sur des horaires sp\u00e9cifiques et des oraux blancs jusqu&rsquo;\u00e0 la mi-juillet si besoin est.<\/p><h3>Suivi des r\u00e9sultats.<\/h3><h3>Math sup MPSI:<\/h3><p>2 bulletins semestriels, 3 relev\u00e9s de notes interm\u00e9diaires, 1 r\u00e9union parents-professeurs vers la mi-octobre. Entretien individuel (formel ou pas) avec la directrice des \u00e9tudes au moment de chaque bilan afin de faire le point. Rencontres toute l&rsquo;ann\u00e9e avec les professeurs et la directrice des \u00e9tudes sur rendez-vous.<\/p><h3><strong>Math sp\u00e9 MP:<\/strong><\/h3><p>2 bulletins semestriels, 1 relev\u00e9 de notes interm\u00e9diaire, 1 relev\u00e9 de notes du concours blanc, 1 r\u00e9union parents-professeurs fin novembre-d\u00e9but d\u00e9cembre afin de pr\u00e9senter les concours et le forum.<br \/>Rencontres toute l&rsquo;ann\u00e9e avec les professeurs et la directrice des \u00e9tudes sur rendez-vous. Entretiens individuels avec la directrice des \u00e9tudes pour faire le point et en cas de redoublement.<\/p><h2>Mat\u00e9riel scolaire<\/h2><p>Dans les mati\u00e8res scientifiques, aucun mat\u00e9riel n&rsquo;est n\u00e9cessaire, l&rsquo;\u00e9cole fournissant l&rsquo;ensemble de la documentation sous forme de polycopi\u00e9s.<\/p><h3>La pr\u00e9rentr\u00e9e<\/h3><p>C&rsquo;est un \u00e9l\u00e9ment important du dispositif \u00e9ducatif, dans la mesure o\u00f9 il peut s&rsquo;y \u00e9tablir d&rsquo;entr\u00e9e le climat tout \u00e0 la fois studieux et d\u00e9tendu que nous recherchons. Elle se d\u00e9roule sur 3 jours, \u00e0 <a href=\"http:\/\/www.notredamedesion.fr\/prepas\/mpsi-et-mp\/notre-prepa\/vars\/\">Vars<\/a>, suivant des modalit\u00e9s pratiquement inchang\u00e9es depuis 1992, encadr\u00e9e par les professeurs de physique et math\u00e9matiques et d&rsquo;\u00e9l\u00e8ves venant d&rsquo;int\u00e9grer une \u00e9cole. Les journ\u00e9es sont faites de cours (math\u00e9matiques et physique), de loisirs (rafting, promenades), de r\u00e9unions d&rsquo;information et de discussions. Cette pr\u00e9rentr\u00e9e permet de faire connaissance, de prendre ses marques par rapport \u00e0 la pr\u00e9pa, de f\u00e9d\u00e9rer et de souder le groupe ce qui est le gage d&rsquo;un travail serein.<\/p><h3>Le forum des \u00e9coles.<\/h3><p>Ce forum est organis\u00e9 chaque ann\u00e9e, le premier vendredi du mois de d\u00e9cembre, juste avant l&rsquo;ouverture des inscriptions aux concours. Les \u00e9l\u00e8ves sont inform\u00e9s sur les concours, les \u00e9coles et les carri\u00e8res, en particulier par nos anciens qui viennent animer le forum. Cela permet d&rsquo;avoir des t\u00e9moignages sur la vie en pr\u00e9pa et en \u00e9cole.<\/p><p>Sur ces sujets, les r\u00e9ponses aux questions 11 \u00e0 21 de la <strong><a href=\"http:\/\/www.notredamedesion.fr\/prepas\/mpsi-et-mp\/faq\/\">FAQ <\/a><\/strong> peuvent vous aider.<\/p>\t\t\t\t\t\t\t\t<\/div>\n\t\t\t\t<\/div>\n\t\t\t\t<div class=\"elementor-element elementor-element-c45b4b0 elementor-widget elementor-widget-image\" data-id=\"c45b4b0\" data-element_type=\"widget\" data-e-type=\"widget\" data-widget_type=\"image.default\">\n\t\t\t\t<div class=\"elementor-widget-container\">\n\t\t\t\t\t\t\t\t\t\t\t\t\t\t\t<img decoding=\"async\" width=\"300\" height=\"347\" src=\"https:\/\/www.notredamedesion.fr\/lycee\/wp-content\/uploads\/2023\/06\/DL_07_Classe_Prepa-2.png\" class=\"attachment-large size-large wp-image-2012\" alt=\"\" \/>\t\t\t\t\t\t\t\t\t\t\t\t\t\t\t<\/div>\n\t\t\t\t<\/div>\n\t\t\t\t<div class=\"elementor-element elementor-element-0a04b6a elementor-widget elementor-widget-spacer\" data-id=\"0a04b6a\" data-element_type=\"widget\" data-e-type=\"widget\" data-widget_type=\"spacer.default\">\n\t\t\t\t<div class=\"elementor-widget-container\">\n\t\t\t\t\t\t\t<div class=\"elementor-spacer\">\n\t\t\t<div class=\"elementor-spacer-inner\"><\/div>\n\t\t<\/div>\n\t\t\t\t\t\t<\/div>\n\t\t\t\t<\/div>\n\t\t\t\t\t<\/div>\n\t\t<\/div>\n\t\t\t\t\t<\/div>\n\t\t<\/section>\n\t\t\t\t<\/div>\n\t\t","protected":false},"excerpt":{"rendered":"<p>La pr\u00e9pa scientifique de Notre Dame de Sion. \u00a0Historique Notre pr\u00e9pa est apparue en 1992, au terme d&rsquo;une d\u00e9marche collective de l&rsquo;Enseignement Catholique Marseillais.Cette cr\u00e9ation ne se justifiait que si elle apportait du nouveau \u00e0 Marseille, dans la mani\u00e8re de vivre sa pr\u00e9pa.C&rsquo;est \u00e0 partir de quelques id\u00e9es simples: exigence et rigueur dans le travail, &hellip; <a href=\"https:\/\/www.notredamedesion.fr\/lycee\/prepa_mpsi_mp\/notre-prepa\/\" class=\"more-link\">Continue reading<span class=\"screen-reader-text\"> \u00ab\u00a0Notre pr\u00e9pa\u00a0\u00bb<\/span><\/a><\/p>\n","protected":false},"author":3,"featured_media":0,"parent":4438,"menu_order":4,"comment_status":"closed","ping_status":"closed","template":"elementor_header_footer","meta":{"sfsi_plus_gutenberg_text_before_share":"","sfsi_plus_gutenberg_show_text_before_share":"","sfsi_plus_gutenberg_icon_type":"","sfsi_plus_gutenberg_icon_alignemt":"","sfsi_plus_gutenburg_max_per_row":"","footnotes":""},"class_list":["post-4500","page","type-page","status-publish","hentry"],"_links":{"self":[{"href":"https:\/\/www.notredamedesion.fr\/lycee\/wp-json\/wp\/v2\/pages\/4500","targetHints":{"allow":["GET"]}}],"collection":[{"href":"https:\/\/www.notredamedesion.fr\/lycee\/wp-json\/wp\/v2\/pages"}],"about":[{"href":"https:\/\/www.notredamedesion.fr\/lycee\/wp-json\/wp\/v2\/types\/page"}],"author":[{"embeddable":true,"href":"https:\/\/www.notredamedesion.fr\/lycee\/wp-json\/wp\/v2\/users\/3"}],"replies":[{"embeddable":true,"href":"https:\/\/www.notredamedesion.fr\/lycee\/wp-json\/wp\/v2\/comments?post=4500"}],"version-history":[{"count":10,"href":"https:\/\/www.notredamedesion.fr\/lycee\/wp-json\/wp\/v2\/pages\/4500\/revisions"}],"predecessor-version":[{"id":4690,"href":"https:\/\/www.notredamedesion.fr\/lycee\/wp-json\/wp\/v2\/pages\/4500\/revisions\/4690"}],"up":[{"embeddable":true,"href":"https:\/\/www.notredamedesion.fr\/lycee\/wp-json\/wp\/v2\/pages\/4438"}],"wp:attachment":[{"href":"https:\/\/www.notredamedesion.fr\/lycee\/wp-json\/wp\/v2\/media?parent=4500"}],"curies":[{"name":"wp","href":"https:\/\/api.w.org\/{rel}","templated":true}]}}