{"id":4491,"date":"2025-10-24T13:51:20","date_gmt":"2025-10-24T12:51:20","guid":{"rendered":"https:\/\/www.notredamedesion.fr\/lycee\/?page_id=4491"},"modified":"2025-11-05T20:27:37","modified_gmt":"2025-11-05T19:27:37","slug":"scolarite","status":"publish","type":"page","link":"https:\/\/www.notredamedesion.fr\/lycee\/prepa_mpsi_mp\/scolarite\/","title":{"rendered":"Scolarit\u00e9"},"content":{"rendered":"\t\t<div data-elementor-type=\"wp-post\" data-elementor-id=\"4491\" class=\"elementor elementor-4491\">\n\t\t\t\t\t\t<section class=\"elementor-section elementor-top-section elementor-element elementor-element-51ef4b7 elementor-section-stretched lt-services elementor-section-boxed elementor-section-height-default elementor-section-height-default\" data-id=\"51ef4b7\" data-element_type=\"section\" data-e-type=\"section\" data-settings=\"{&quot;stretch_section&quot;:&quot;section-stretched&quot;,&quot;background_background&quot;:&quot;classic&quot;,&quot;shape_divider_bottom&quot;:&quot;tilt&quot;}\">\n\t\t\t\t\t<div class=\"elementor-shape elementor-shape-bottom\" aria-hidden=\"true\" data-negative=\"false\">\n\t\t\t<svg xmlns=\"http:\/\/www.w3.org\/2000\/svg\" viewBox=\"0 0 1000 100\" preserveAspectRatio=\"none\">\n\t<path class=\"elementor-shape-fill\" d=\"M0,6V0h1000v100L0,6z\"\/>\n<\/svg>\t\t<\/div>\n\t\t\t\t\t<div class=\"elementor-container elementor-column-gap-default\">\n\t\t\t\t\t<div class=\"elementor-column elementor-col-100 elementor-top-column elementor-element elementor-element-4435425\" data-id=\"4435425\" data-element_type=\"column\" data-e-type=\"column\">\n\t\t\t<div class=\"elementor-widget-wrap\">\n\t\t\t\t\t\t\t<\/div>\n\t\t<\/div>\n\t\t\t\t\t<\/div>\n\t\t<\/section>\n\t\t\t\t<section class=\"elementor-section elementor-top-section elementor-element elementor-element-64fd299 elementor-section-boxed elementor-section-height-default elementor-section-height-default\" data-id=\"64fd299\" data-element_type=\"section\" data-e-type=\"section\">\n\t\t\t\t\t\t<div class=\"elementor-container elementor-column-gap-default\">\n\t\t\t\t\t<div class=\"elementor-column elementor-col-100 elementor-top-column elementor-element elementor-element-b8e7ca1\" data-id=\"b8e7ca1\" data-element_type=\"column\" data-e-type=\"column\">\n\t\t\t<div class=\"elementor-widget-wrap elementor-element-populated\">\n\t\t\t\t\t\t<div class=\"elementor-element elementor-element-5d7d3c1 elementor-widget elementor-widget-heading\" data-id=\"5d7d3c1\" data-element_type=\"widget\" data-e-type=\"widget\" data-widget_type=\"heading.default\">\n\t\t\t\t<div class=\"elementor-widget-container\">\n\t\t\t\t\t<h1 class=\"elementor-heading-title elementor-size-default\">SCOLARIT\u00c9<\/h1>\t\t\t\t<\/div>\n\t\t\t\t<\/div>\n\t\t\t\t\t<\/div>\n\t\t<\/div>\n\t\t\t\t\t<\/div>\n\t\t<\/section>\n\t\t\t\t<section class=\"elementor-section elementor-top-section elementor-element elementor-element-7c9da77 elementor-section-boxed elementor-section-height-default elementor-section-height-default\" data-id=\"7c9da77\" data-element_type=\"section\" data-e-type=\"section\">\n\t\t\t\t\t\t<div class=\"elementor-container elementor-column-gap-default\">\n\t\t\t\t\t<div class=\"elementor-column elementor-col-100 elementor-top-column elementor-element elementor-element-4c7a0db\" data-id=\"4c7a0db\" data-element_type=\"column\" data-e-type=\"column\">\n\t\t\t<div class=\"elementor-widget-wrap elementor-element-populated\">\n\t\t\t\t\t\t<div class=\"elementor-element elementor-element-b2634b3 elementor-widget elementor-widget-spacer\" data-id=\"b2634b3\" data-element_type=\"widget\" data-e-type=\"widget\" data-widget_type=\"spacer.default\">\n\t\t\t\t<div class=\"elementor-widget-container\">\n\t\t\t\t\t\t\t<div class=\"elementor-spacer\">\n\t\t\t<div class=\"elementor-spacer-inner\"><\/div>\n\t\t<\/div>\n\t\t\t\t\t\t<\/div>\n\t\t\t\t<\/div>\n\t\t\t\t\t<\/div>\n\t\t<\/div>\n\t\t\t\t\t<\/div>\n\t\t<\/section>\n\t\t\t\t<section class=\"elementor-section elementor-top-section elementor-element elementor-element-f96efa6 elementor-section-boxed elementor-section-height-default elementor-section-height-default\" data-id=\"f96efa6\" data-element_type=\"section\" data-e-type=\"section\">\n\t\t\t\t\t\t<div class=\"elementor-container elementor-column-gap-default\">\n\t\t\t\t\t<div class=\"elementor-column elementor-col-100 elementor-top-column elementor-element elementor-element-9f6059c\" data-id=\"9f6059c\" data-element_type=\"column\" data-e-type=\"column\">\n\t\t\t<div class=\"elementor-widget-wrap elementor-element-populated\">\n\t\t\t\t\t\t<div class=\"elementor-element elementor-element-d95de08 elementor-widget elementor-widget-image\" data-id=\"d95de08\" data-element_type=\"widget\" data-e-type=\"widget\" data-widget_type=\"image.default\">\n\t\t\t\t<div class=\"elementor-widget-container\">\n\t\t\t\t\t\t\t\t\t\t\t\t\t\t\t<img fetchpriority=\"high\" decoding=\"async\" width=\"693\" height=\"152\" src=\"https:\/\/www.notredamedesion.fr\/lycee\/wp-content\/uploads\/2025\/03\/banniermath.jpg\" class=\"attachment-large size-large wp-image-2921\" alt=\"\" srcset=\"https:\/\/www.notredamedesion.fr\/lycee\/wp-content\/uploads\/2025\/03\/banniermath.jpg 693w, https:\/\/www.notredamedesion.fr\/lycee\/wp-content\/uploads\/2025\/03\/banniermath-500x110.jpg 500w\" sizes=\"(max-width: 693px) 85vw, 693px\" \/>\t\t\t\t\t\t\t\t\t\t\t\t\t\t\t<\/div>\n\t\t\t\t<\/div>\n\t\t\t\t<div class=\"elementor-element elementor-element-274a8e8 elementor-widget elementor-widget-text-editor\" data-id=\"274a8e8\" data-element_type=\"widget\" data-e-type=\"widget\" data-widget_type=\"text-editor.default\">\n\t\t\t\t<div class=\"elementor-widget-container\">\n\t\t\t\t\t\t\t\t\t<h3>HORAIRES ET PROGRAMMES.<\/h3><h1><span style=\"color: rgb(0, 0, 128); font-size: 17px;\"><p><\/p><p><\/p><p><\/p><\/span><\/h1><h4><span style=\"font-weight: 600;\">Contenus et organisation des enseignements sont conformes aux textes officiels.<\/span><\/h4><h3><div style=\"color: rgb(122, 122, 122); font-size: 17px;\"><br><\/div><\/h3><h4><span style=\"color: rgb(0, 0, 128);\">ORGANISATION G\u00c9N\u00c9RALE.<\/span><\/h4><h3><p style=\"color: rgb(122, 122, 122); font-size: 17px;\">En math sup, on compte environ 36 semaines de cours; en math sp\u00e9, 27 semaines puis des r\u00e9visions pour les oraux. Les vacances sont les m\u00eames que pour le lyc\u00e9e.<\/p><p style=\"color: rgb(122, 122, 122); font-size: 17px;\">Cours du lundi au vendredi \u00e0 partir de 7h55. Pas de cours le samedi matin.<\/p><\/h3><h3><span style=\"color: rgb(0, 0, 128);\">HORAIRES HEBDOMADAIRES.<\/span><\/h3><h3><table border=\"1\" width=\"400\" cellspacing=\"1\" cellpadding=\"1\" align=\"center\" style=\"width: 1077px; color: rgb(122, 122, 122); font-size: 17px; font-weight: 500;\"><tbody><tr style=\"background-color: rgb(45, 70, 145);\"><td width=\"164\"><span style=\"color: rgb(255, 255, 255);\"><span style=\"font-weight: 700;\">Mati\u00e8res<\/span><\/span><\/td><td width=\"118\"><span style=\"color: rgb(255, 255, 255);\"><span style=\"font-weight: 700;\">Sup. MPSI<\/span><\/span><\/td><td width=\"100\"><span style=\"color: rgb(255, 255, 255);\"><span style=\"font-weight: 700;\">Sp\u00e9. MP<\/span><\/span><\/td><\/tr><tr><td width=\"164\">Math\u00e9matiques<\/td><td width=\"118\">12h<\/td><td width=\"100\">12h<\/td><\/tr><tr style=\"background-color: rgb(237, 237, 237);\"><td width=\"164\">Physique \/ Chimie<\/td><td width=\"118\">8h<\/td><td width=\"100\">9h<\/td><\/tr><tr><td width=\"164\">Fran\u00e7ais<\/td><td width=\"118\">2h<\/td><td width=\"100\">2h<\/td><\/tr><tr style=\"background-color: rgb(237, 237, 237);\"><td width=\"164\">LV I<\/td><td width=\"118\">2h<\/td><td width=\"100\">2h<\/td><\/tr><tr><td width=\"164\">Sciences de l&rsquo;ing\u00e9nieur<\/td><td width=\"118\">2h<\/td><td width=\"100\">2h<\/td><\/tr><tr style=\"background-color: rgb(237, 237, 237);\"><td width=\"164\">Informatique<\/td><td width=\"118\">1,5h<\/td><td width=\"100\">1,5h<\/td><\/tr><tr><td width=\"164\">Education physique<\/td><td width=\"118\">2h<\/td><td width=\"100\">2h<\/td><\/tr><tr style=\"background-color: rgb(237, 237, 237);\"><td width=\"164\">TIPE<\/td><td width=\"118\">2h (au second semestre)<\/td><td width=\"100\">2h<\/td><\/tr><tr><td width=\"164\">LV II (option)<\/td><td width=\"118\">1h30<\/td><td width=\"100\">1h30<\/td><\/tr><\/tbody><\/table><p style=\"color: rgb(122, 122, 122); font-size: 17px;\"><a href=\"http:\/\/www.education.gouv.fr\/cid55251\/esrs1100057a.html\" target=\"_blank\" rel=\"noopener noreferrer\">TIPE<\/a>: Travaux d&rsquo;Initiative Personnelle Encadr\u00e9s.<\/p><p style=\"color: rgb(122, 122, 122); font-size: 17px;\">\u00c0 ces heures, il faut ajouter deux heures d&rsquo;interrogation orale par semaine (colles ou kh\u00f4lles).<\/p><\/h3><h3><span style=\"color: rgb(0, 0, 128);\">L&rsquo;EPS.&nbsp;<\/span><\/h3><h3><p style=\"color: rgb(122, 122, 122); font-size: 17px;\">L&rsquo;EPS a toute sa place dans la formation. L&rsquo;enseignement (pr\u00e9vu par le B.O.E.N) vise trois finalit\u00e9s:<\/p><ul style=\"color: rgb(122, 122, 122); font-size: 17px; font-weight: 500;\"><li>pr\u00e9server un \u00e9quilibre et une hygi\u00e8ne de vie;<\/li><li>contribuer au d\u00e9veloppement et \u00e0 l&rsquo;\u00e9panouissement personnel de chaque \u00e9l\u00e8ve;<\/li><li>renforcer la solidarit\u00e9. Le stage de Vars permet d&rsquo;initier cette coh\u00e9sion.<\/li><\/ul><p style=\"color: rgb(122, 122, 122); font-size: 17px;\">Cette formation permet par ailleurs aux \u00e9l\u00e8ves d\u00e9sireux d&rsquo;int\u00e9grer une \u00e9cole militaire de se pr\u00e9parer aux \u00e9preuves physiques et sportives.<\/p><\/h3><h3><span style=\"color: rgb(0, 0, 128);\">PROGRAMMES OFFICIELS DE LA MATH SUP MPSI.&nbsp;<\/span><\/h3><h3><p style=\"color: rgb(122, 122, 122); font-size: 17px;\">Vous pouvez t\u00e9l\u00e9charger ces programmes au format PDF avec les liens:<\/p><ul style=\"color: rgb(122, 122, 122); font-size: 17px; font-weight: 500;\"><li><a href=\"https:\/\/cache.media.education.gouv.fr\/file\/SPE1-MEN-MESRI-4-2-2021\/64\/8\/spe779_annexe_1373648.pdf\" target=\"_blank\" rel=\"noopener noreferrer\">Math\u00e9matiques,&nbsp;Physique,&nbsp;Chimie,Sciences de l&rsquo;ing\u00e9nieur<\/a><\/li><li><a href=\"http:\/\/cache.media.education.gouv.fr\/file\/special_3_ESR\/47\/9\/programme-scientifique-LVE_252479.pdf\" target=\"_blank\" rel=\"noopener noreferrer\">LVI<\/a><\/li><li><a href=\"https:\/\/cache.media.education.gouv.fr\/file\/SPE1-MEN-MESRI-4-2-2021\/27\/2\/spe774_annexe_1373272.pdf\" target=\"_blank\" rel=\"noopener noreferrer\">Informatique<\/a><\/li><li><a href=\"http:\/\/www.education.gouv.fr\/cid55251\/esrs1100057a.html\" target=\"_blank\" rel=\"noopener noreferrer\">T.I.P.E<\/a><\/li><\/ul><\/h3><h3><span style=\"color: rgb(0, 0, 128);\">PROGRAMMES OFFICIELS DE LA MATH SP\u00c9 MP-MP*.<\/span><\/h3><h3><p style=\"color: rgb(122, 122, 122); font-size: 17px;\">Vous pouvez t\u00e9l\u00e9charger ces programmes au format PDF avec les liens:<\/p><ul style=\"color: rgb(122, 122, 122); font-size: 17px; font-weight: 500;\"><li><a href=\"https:\/\/cache.media.education.gouv.fr\/file\/31\/08\/5\/ensecsup702_annexes_1417085.pdf\" target=\"_blank\" rel=\"noopener noreferrer\">Math\u00e9matiques<\/a><\/li><li><a href=\"https:\/\/cache.media.education.gouv.fr\/file\/31\/08\/5\/ensecsup702_annexes_1417085.pdf\">Physique-Chimie<\/a><\/li><li><a href=\"https:\/\/cache.media.education.gouv.fr\/file\/SPE1-MEN-MESRI-4-2-2021\/27\/2\/spe774_annexe_1373272.pdf\">Informatique<\/a><\/li><li><a href=\"https:\/\/cache.media.education.gouv.fr\/file\/SPE1-MEN-MESRI-4-2-2021\/64\/8\/spe779_annexe_1373648.pdf\" target=\"_blank\" rel=\"noopener noreferrer\">Sciences de l&rsquo;ing\u00e9nieur<\/a><\/li><li><a href=\"http:\/\/www.notredamedesion.fr\/wp-content\/uploads\/2016\/03\/CPGE.pdf\" target=\"_blank\" rel=\"noopener noreferrer\">EPS<\/a><\/li><li><a href=\"http:\/\/www.education.gouv.fr\/cid55251\/esrs1100057a.html\" target=\"_blank\" rel=\"noopener noreferrer\">T.I.P.E<\/a><\/li><\/ul><\/h3><h3><span style=\"color: rgb(0, 0, 128);\">\u00c9VALUATION.<\/span><\/h3><h3><p style=\"color: rgb(122, 122, 122); font-size: 17px;\">Un devoir surveill\u00e9 de 4 heures chaque lundi matin. Des interrogations \u00e9crites et devoirs maison r\u00e9guliers. Deux heures de colles par semaine.<\/p><ul style=\"color: rgb(122, 122, 122); font-size: 17px; font-weight: 500;\"><li>En math sup. Deux bulletins semestriels et trois relev\u00e9s de notes interm\u00e9diaires.<\/li><li>En math sp\u00e9. Deux bulletins semestriels et un relev\u00e9 interm\u00e9diaire.<\/li><\/ul><p style=\"color: rgb(122, 122, 122); font-size: 17px;\">Une r\u00e9union parents-professeurs par niveau.<\/p><p style=\"color: rgb(122, 122, 122); font-size: 17px;\">Un concours blanc par niveau.<\/p><\/h3><h3><span style=\"color: rgb(0, 0, 128);\">FRAIS DE SCOLARIT\u00c9.<\/span><\/h3><h3><p style=\"color: rgb(122, 122, 122); font-size: 17px;\">Se renseigner aupr\u00e8s de la comptabilit\u00e9.<\/p><\/h3><h3><span style=\"color: rgb(0, 0, 128);\">PASSAGE EN DEUXI\u00c8ME ANN\u00c9E.<\/span><\/h3><h3><p style=\"color: rgb(122, 122, 122); font-size: 17px;\">Le passage en math sp\u00e9 n&rsquo;est refus\u00e9 que pour des raisons bien pr\u00e9cises (absences, manque de travail, niveau g\u00e9n\u00e9ral trop bas par exemple). Les \u00e9l\u00e8ves qui ne sont pas admis en deuxi\u00e8me ann\u00e9e sont re\u00e7us par la directrice des \u00e9tudes afin qu&rsquo;il n&rsquo;y ait aucune ambigu\u00eft\u00e9.<\/p><p style=\"color: rgb(122, 122, 122); font-size: 17px;\">Le redoublement de la math sup est impossible sauf pour des raisons m\u00e9dicales graves.<\/p><p style=\"color: rgb(122, 122, 122); font-size: 17px;\">Le redoublement de la math sp\u00e9 est possible, apr\u00e8s accord du conseil de classe. On refuse rarement un redoublement sauf cas extr\u00eames de retards et d&rsquo;absences r\u00e9p\u00e9t\u00e9s, d&rsquo;un manque de travail et de volont\u00e9 de r\u00e9ussir flagrant. Avant de se r\u00e9inscrire, chaque \u00e9l\u00e8ve devra prendre rendez-vous avec la directrice des \u00e9tudes en juillet ou en ao\u00fbt. En effet, refaire une ann\u00e9e peut \u00eatre consid\u00e9r\u00e9 comme un sacrifice \u00e0 divers niveaux et il faut avoir bien m\u00fbri son choix.<\/p><\/h3><h3><span style=\"color: rgb(0, 0, 128);\">CR\u00c9DITS ECTS (European Credit Transfer System).<\/span><\/h3><h3><p style=\"color: rgb(122, 122, 122); font-size: 17px;\">Chaque ann\u00e9e permet d&rsquo;obtenir id\u00e9alement 60 cr\u00e9dits ainsi qu&rsquo;une mention finale. La d\u00e9livrance des cr\u00e9dits facilite g\u00e9n\u00e9ralement la poursuite des \u00e9tudes \u00e0 l&rsquo;Universit\u00e9.<\/p><\/h3><h3><span style=\"color: rgb(0, 0, 128);\">CONCOURS PR\u00c9PAR\u00c9S.&nbsp;<\/span><\/h3><h3><p style=\"color: rgb(122, 122, 122); font-size: 17px;\">Nous pr\u00e9parons \u00e0&nbsp;<span style=\"font-weight: 700;\">tous<\/span>&nbsp;les concours des classes pr\u00e9paratoires scientifiques MP, organis\u00e9s en fin de deuxi\u00e8me ann\u00e9e. En premi\u00e8re ann\u00e9e, il est possible de pr\u00e9senter le concours de pilote (EPL) ainsi que INSA (Architecte) Strasbourg.<\/p><\/h3><h3><span style=\"color: rgb(0, 0, 128);\">AM<\/span><span style=\"color: rgb(0, 0, 128);\">\u00c9NAGEMENTS&nbsp;<\/span><span style=\"color: rgb(0, 0, 128);\">SP<\/span><span style=\"color: rgb(0, 0, 128);\">\u00c9CIAUX.<\/span><\/h3><h3><p style=\"color: rgb(122, 122, 122); font-size: 17px;\">Les sportifs de haut niveau ou artistes confirm\u00e9s peuvent candidater et auront des am\u00e9nagements particuliers: fin des cours et des colles au plus tard \u00e0 17h les lundis-mardis-mercredis et jeudis, fin des cours et des colles le vendredi \u00e0 16h au plus tard, pas de cours le samedi.<\/p><\/h3>\t\t\t\t\t\t\t\t<\/div>\n\t\t\t\t<\/div>\n\t\t\t\t<div class=\"elementor-element elementor-element-c45b4b0 elementor-widget elementor-widget-image\" data-id=\"c45b4b0\" data-element_type=\"widget\" data-e-type=\"widget\" data-widget_type=\"image.default\">\n\t\t\t\t<div class=\"elementor-widget-container\">\n\t\t\t\t\t\t\t\t\t\t\t\t\t\t\t<img decoding=\"async\" width=\"300\" height=\"347\" src=\"https:\/\/www.notredamedesion.fr\/lycee\/wp-content\/uploads\/2023\/06\/DL_07_Classe_Prepa-2.png\" class=\"attachment-large size-large wp-image-2012\" alt=\"\" \/>\t\t\t\t\t\t\t\t\t\t\t\t\t\t\t<\/div>\n\t\t\t\t<\/div>\n\t\t\t\t<div class=\"elementor-element elementor-element-0a04b6a elementor-widget elementor-widget-spacer\" data-id=\"0a04b6a\" data-element_type=\"widget\" data-e-type=\"widget\" data-widget_type=\"spacer.default\">\n\t\t\t\t<div class=\"elementor-widget-container\">\n\t\t\t\t\t\t\t<div class=\"elementor-spacer\">\n\t\t\t<div class=\"elementor-spacer-inner\"><\/div>\n\t\t<\/div>\n\t\t\t\t\t\t<\/div>\n\t\t\t\t<\/div>\n\t\t\t\t\t<\/div>\n\t\t<\/div>\n\t\t\t\t\t<\/div>\n\t\t<\/section>\n\t\t\t\t<\/div>\n\t\t","protected":false},"excerpt":{"rendered":"<p>SCOLARIT\u00c9 HORAIRES ET PROGRAMMES. Contenus et organisation des enseignements sont conformes aux textes officiels. ORGANISATION G\u00c9N\u00c9RALE. En math sup, on compte environ 36 semaines de cours; en math sp\u00e9, 27 semaines puis des r\u00e9visions pour les oraux. Les vacances sont les m\u00eames que pour le lyc\u00e9e. Cours du lundi au vendredi \u00e0 partir de 7h55. &hellip; <a href=\"https:\/\/www.notredamedesion.fr\/lycee\/prepa_mpsi_mp\/scolarite\/\" class=\"more-link\">Continue reading<span class=\"screen-reader-text\"> \u00ab\u00a0Scolarit\u00e9\u00a0\u00bb<\/span><\/a><\/p>\n","protected":false},"author":3,"featured_media":0,"parent":4438,"menu_order":3,"comment_status":"closed","ping_status":"closed","template":"elementor_header_footer","meta":{"sfsi_plus_gutenberg_text_before_share":"","sfsi_plus_gutenberg_show_text_before_share":"","sfsi_plus_gutenberg_icon_type":"","sfsi_plus_gutenberg_icon_alignemt":"","sfsi_plus_gutenburg_max_per_row":"","footnotes":""},"class_list":["post-4491","page","type-page","status-publish","hentry"],"_links":{"self":[{"href":"https:\/\/www.notredamedesion.fr\/lycee\/wp-json\/wp\/v2\/pages\/4491","targetHints":{"allow":["GET"]}}],"collection":[{"href":"https:\/\/www.notredamedesion.fr\/lycee\/wp-json\/wp\/v2\/pages"}],"about":[{"href":"https:\/\/www.notredamedesion.fr\/lycee\/wp-json\/wp\/v2\/types\/page"}],"author":[{"embeddable":true,"href":"https:\/\/www.notredamedesion.fr\/lycee\/wp-json\/wp\/v2\/users\/3"}],"replies":[{"embeddable":true,"href":"https:\/\/www.notredamedesion.fr\/lycee\/wp-json\/wp\/v2\/comments?post=4491"}],"version-history":[{"count":14,"href":"https:\/\/www.notredamedesion.fr\/lycee\/wp-json\/wp\/v2\/pages\/4491\/revisions"}],"predecessor-version":[{"id":4672,"href":"https:\/\/www.notredamedesion.fr\/lycee\/wp-json\/wp\/v2\/pages\/4491\/revisions\/4672"}],"up":[{"embeddable":true,"href":"https:\/\/www.notredamedesion.fr\/lycee\/wp-json\/wp\/v2\/pages\/4438"}],"wp:attachment":[{"href":"https:\/\/www.notredamedesion.fr\/lycee\/wp-json\/wp\/v2\/media?parent=4491"}],"curies":[{"name":"wp","href":"https:\/\/api.w.org\/{rel}","templated":true}]}}