{"id":4446,"date":"2025-10-24T13:14:44","date_gmt":"2025-10-24T12:14:44","guid":{"rendered":"https:\/\/www.notredamedesion.fr\/lycee\/?page_id=4446"},"modified":"2026-04-20T16:43:51","modified_gmt":"2026-04-20T15:43:51","slug":"presentation","status":"publish","type":"page","link":"https:\/\/www.notredamedesion.fr\/lycee\/prepa_mpsi_mp\/presentation\/","title":{"rendered":"Pr\u00e9sentation"},"content":{"rendered":"\t\t<div data-elementor-type=\"wp-post\" data-elementor-id=\"4446\" class=\"elementor elementor-4446\">\n\t\t\t\t\t\t<section class=\"elementor-section elementor-top-section elementor-element elementor-element-51ef4b7 elementor-section-stretched lt-services elementor-section-boxed elementor-section-height-default elementor-section-height-default\" data-id=\"51ef4b7\" data-element_type=\"section\" data-e-type=\"section\" data-settings=\"{&quot;stretch_section&quot;:&quot;section-stretched&quot;,&quot;background_background&quot;:&quot;classic&quot;,&quot;shape_divider_bottom&quot;:&quot;tilt&quot;}\">\n\t\t\t\t\t<div class=\"elementor-shape elementor-shape-bottom\" aria-hidden=\"true\" data-negative=\"false\">\n\t\t\t<svg xmlns=\"http:\/\/www.w3.org\/2000\/svg\" viewBox=\"0 0 1000 100\" preserveAspectRatio=\"none\">\n\t<path class=\"elementor-shape-fill\" d=\"M0,6V0h1000v100L0,6z\"\/>\n<\/svg>\t\t<\/div>\n\t\t\t\t\t<div class=\"elementor-container elementor-column-gap-default\">\n\t\t\t\t\t<div class=\"elementor-column elementor-col-100 elementor-top-column elementor-element elementor-element-4435425\" data-id=\"4435425\" data-element_type=\"column\" data-e-type=\"column\">\n\t\t\t<div class=\"elementor-widget-wrap\">\n\t\t\t\t\t\t\t<\/div>\n\t\t<\/div>\n\t\t\t\t\t<\/div>\n\t\t<\/section>\n\t\t\t\t<section class=\"elementor-section elementor-top-section elementor-element elementor-element-64fd299 elementor-section-boxed elementor-section-height-default elementor-section-height-default\" data-id=\"64fd299\" data-element_type=\"section\" data-e-type=\"section\">\n\t\t\t\t\t\t<div class=\"elementor-container elementor-column-gap-default\">\n\t\t\t\t\t<div class=\"elementor-column elementor-col-100 elementor-top-column elementor-element elementor-element-b8e7ca1\" data-id=\"b8e7ca1\" data-element_type=\"column\" data-e-type=\"column\">\n\t\t\t<div class=\"elementor-widget-wrap elementor-element-populated\">\n\t\t\t\t\t\t<div class=\"elementor-element elementor-element-5d7d3c1 elementor-widget elementor-widget-heading\" data-id=\"5d7d3c1\" data-element_type=\"widget\" data-e-type=\"widget\" data-widget_type=\"heading.default\">\n\t\t\t\t<div class=\"elementor-widget-container\">\n\t\t\t\t\t<h1 class=\"elementor-heading-title elementor-size-default\">PR\u00c9SENTATION<\/h1>\t\t\t\t<\/div>\n\t\t\t\t<\/div>\n\t\t\t\t\t<\/div>\n\t\t<\/div>\n\t\t\t\t\t<\/div>\n\t\t<\/section>\n\t\t\t\t<section class=\"elementor-section elementor-top-section elementor-element elementor-element-7c9da77 elementor-section-boxed elementor-section-height-default elementor-section-height-default\" data-id=\"7c9da77\" data-element_type=\"section\" data-e-type=\"section\">\n\t\t\t\t\t\t<div class=\"elementor-container elementor-column-gap-default\">\n\t\t\t\t\t<div class=\"elementor-column elementor-col-100 elementor-top-column elementor-element elementor-element-4c7a0db\" data-id=\"4c7a0db\" data-element_type=\"column\" data-e-type=\"column\">\n\t\t\t<div class=\"elementor-widget-wrap elementor-element-populated\">\n\t\t\t\t\t\t<div class=\"elementor-element elementor-element-b2634b3 elementor-widget elementor-widget-spacer\" data-id=\"b2634b3\" data-element_type=\"widget\" data-e-type=\"widget\" data-widget_type=\"spacer.default\">\n\t\t\t\t<div class=\"elementor-widget-container\">\n\t\t\t\t\t\t\t<div class=\"elementor-spacer\">\n\t\t\t<div class=\"elementor-spacer-inner\"><\/div>\n\t\t<\/div>\n\t\t\t\t\t\t<\/div>\n\t\t\t\t<\/div>\n\t\t\t\t<div class=\"elementor-element elementor-element-5f5234b elementor-widget elementor-widget-heading\" data-id=\"5f5234b\" data-element_type=\"widget\" data-e-type=\"widget\" data-widget_type=\"heading.default\">\n\t\t\t\t<div class=\"elementor-widget-container\">\n\t\t\t\t\t<h2 class=\"elementor-heading-title elementor-size-default\">1992-2022: notre classe pr\u00e9paratoire a f\u00eat\u00e9 ses 30 ans!<\/h2>\t\t\t\t<\/div>\n\t\t\t\t<\/div>\n\t\t\t\t\t<\/div>\n\t\t<\/div>\n\t\t\t\t\t<\/div>\n\t\t<\/section>\n\t\t\t\t<section class=\"elementor-section elementor-top-section elementor-element elementor-element-f96efa6 elementor-section-boxed elementor-section-height-default elementor-section-height-default\" data-id=\"f96efa6\" data-element_type=\"section\" data-e-type=\"section\">\n\t\t\t\t\t\t<div class=\"elementor-container elementor-column-gap-default\">\n\t\t\t\t\t<div class=\"elementor-column elementor-col-100 elementor-top-column elementor-element elementor-element-9f6059c\" data-id=\"9f6059c\" data-element_type=\"column\" data-e-type=\"column\">\n\t\t\t<div class=\"elementor-widget-wrap elementor-element-populated\">\n\t\t\t\t\t\t<div class=\"elementor-element elementor-element-6761427 elementor-widget elementor-widget-spacer\" data-id=\"6761427\" data-element_type=\"widget\" data-e-type=\"widget\" data-widget_type=\"spacer.default\">\n\t\t\t\t<div class=\"elementor-widget-container\">\n\t\t\t\t\t\t\t<div class=\"elementor-spacer\">\n\t\t\t<div class=\"elementor-spacer-inner\"><\/div>\n\t\t<\/div>\n\t\t\t\t\t\t<\/div>\n\t\t\t\t<\/div>\n\t\t\t\t<div class=\"elementor-element elementor-element-d95de08 elementor-widget elementor-widget-image\" data-id=\"d95de08\" data-element_type=\"widget\" data-e-type=\"widget\" data-widget_type=\"image.default\">\n\t\t\t\t<div class=\"elementor-widget-container\">\n\t\t\t\t\t\t\t\t\t\t\t\t\t\t\t<img fetchpriority=\"high\" decoding=\"async\" width=\"840\" height=\"109\" src=\"https:\/\/www.notredamedesion.fr\/lycee\/wp-content\/uploads\/2025\/03\/PanoVPpharo1accueil-1024x133.jpg\" class=\"attachment-large size-large wp-image-2881\" alt=\"\" srcset=\"https:\/\/www.notredamedesion.fr\/lycee\/wp-content\/uploads\/2025\/03\/PanoVPpharo1accueil-1024x133.jpg 1024w, https:\/\/www.notredamedesion.fr\/lycee\/wp-content\/uploads\/2025\/03\/PanoVPpharo1accueil-500x65.jpg 500w, https:\/\/www.notredamedesion.fr\/lycee\/wp-content\/uploads\/2025\/03\/PanoVPpharo1accueil-768x100.jpg 768w, https:\/\/www.notredamedesion.fr\/lycee\/wp-content\/uploads\/2025\/03\/PanoVPpharo1accueil.jpg 1167w\" sizes=\"(max-width: 709px) 85vw, (max-width: 909px) 67vw, (max-width: 1362px) 62vw, 840px\" \/>\t\t\t\t\t\t\t\t\t\t\t\t\t\t\t<\/div>\n\t\t\t\t<\/div>\n\t\t\t\t<div class=\"elementor-element elementor-element-274a8e8 elementor-widget elementor-widget-text-editor\" data-id=\"274a8e8\" data-element_type=\"widget\" data-e-type=\"widget\" data-widget_type=\"text-editor.default\">\n\t\t\t\t<div class=\"elementor-widget-container\">\n\t\t\t\t\t\t\t\t\t<p><strong>Depuis la rentr\u00e9e 2024, notre classe de deuxi\u00e8me ann\u00e9e a la d\u00e9nomination MP\/MP*<\/strong> (Math\u00e9matiques, Physique, Sciences de l\u2019ing\u00e9nieur).<\/p><p>Tous les \u00e9l\u00e8ves qui poursuivront dans la fili\u00e8re iront dans cette classe, et l\u2019enseignement propos\u00e9 tiendra compte du niveau de chaque \u00e9tudiant, permettant \u00e0 tous les profils de s&rsquo;\u00e9panouir dans leurs capacit\u00e9s respectives.\u00a0Les \u00e9l\u00e8ves de MP et MP* seront regroup\u00e9s pour les cours mais auront, entre autres, des TD et des devoirs surveill\u00e9s diff\u00e9renci\u00e9s, adapt\u00e9s \u00e0 leur niveau et \u00e0 leurs objectifs aux concours.<\/p><p>Nos classes pr\u00e9paratoires existent depuis plus de 30 ans et cette d\u00e9cision de classe mixte, qui nous honore, est une reconnaissance du travail effectu\u00e9 depuis lors, par les \u00e9quipes p\u00e9dagogiques qui se sont succ\u00e9d\u00e9es, enti\u00e8rement d\u00e9vou\u00e9es \u00e0 la r\u00e9ussite et \u00e0\u00a0l&rsquo;\u00e9panouissement des \u00e9tudiants.\u00a0<\/p><p>Notre forum s&rsquo;est tenu en d\u00e9cembre. Cela a \u00e9t\u00e9 l&rsquo;occasion pour les lyc\u00e9ens pr\u00e9sents de rencontrer nos anciens \u00e9l\u00e8ves, nos \u00e9l\u00e8ves actuels et l&rsquo;\u00e9quipe p\u00e9dagogique. Si vous \u00eates int\u00e9ress\u00e9 par notre formation, n&rsquo;h\u00e9sitez pas \u00e0 contacter <a href=\"http:\/\/www.notredamedesion.fr\/contact\/nous-contacter\/\">la directrice des \u00e9tudes.\u00a0<\/a><br \/>Si vous souhaitez passer une journ\u00e9e en immersion, contactez <a href=\"http:\/\/www.notredamedesion.fr\/contact\/nous-contacter\/\">la directrice des \u00e9tudes<\/a> qui vous proposera une demi-journ\u00e9e ou une journ\u00e9e \u00e0 partir du mois d&rsquo;avril.<\/p><h3>Un partenariat qui s\u00e9curise le parcours.<\/h3><p><strong>Depuis la rentr\u00e9e 2020, nous avons un partenariat avec l&rsquo;\u00e9cole d&rsquo;ing\u00e9nieurs ECAM Strasbourg, qui donne la possibilit\u00e9 d&rsquo;int\u00e9grer l&rsquo;ECAM Strasbourg \u00e0 la fin des deux ann\u00e9es de classe pr\u00e9paratoire, sans passer de concours! L&rsquo;ECAM Strasbourg est depuis septembre 2022 l&rsquo;ICAM Strasbourg.\u00a0<\/strong><\/p><p><strong>Nous signerons bient\u00f4t un deuxi\u00e8me partenariat avec l&rsquo;ISEN Toulon.<\/strong><\/p><h3>Une pr\u00e9pa \u00e0 visage humain.<\/h3><p>Vous envisagez d&rsquo;\u00eatre l&rsquo;an prochain en math sup. C&rsquo;est un beau projet qui exigera beaucoup de vous mais vous apportera aussi beaucoup en retour.<\/p><p>On associe toujours pr\u00e9pa avec effort et difficult\u00e9. C&rsquo;est juste mais trop restrictif. Sachez d\u00e9j\u00e0 que les CPGE ne sont pas r\u00e9serv\u00e9es qu&rsquo;aux tr\u00e8s bons et tout \u00e9l\u00e8ve <strong>motiv\u00e9 et travailleur<\/strong> peut tirer son \u00e9pingle du jeu. En pr\u00e9pa puis en <a href=\"http:\/\/www.notredamedesion.fr\/prepas\/mpsi-et-mp\/ecoles\/\">\u00e9cole d&rsquo;ing\u00e9nieurs<\/a>, il y a la joie de faire des \u00e9tudes int\u00e9ressantes, d&rsquo;aller d\u00e9couvrir ses propres limites, et ensuite la r\u00e9compense d&rsquo;avoir acquis une formation de haut niveau, d&rsquo;avoir fait de pr\u00e9cieuses rencontres et d&rsquo;avoir de nombreux d\u00e9bouch\u00e9s.<\/p><p>Si votre projet est d\u00e9j\u00e0 bien arr\u00eat\u00e9, venez d\u00e9couvrir ce que <a href=\"http:\/\/www.notredamedesion.fr\/prepas\/mpsi-et-mp\/notre-prepa\/\">notre pr\u00e9pa<\/a> peut vous apporter de plus qu&rsquo;une autre. Si vous \u00eates au d\u00e9but de votre d\u00e9marche, peut-\u00eatre voulez-vous en savoir plus sur les <a href=\"http:\/\/www.notredamedesion.fr\/prepas\/mpsi-et-mp\/presentation\/debouches\/\">carri\u00e8res d&rsquo;ing\u00e9nieur <\/a>ou <a href=\"http:\/\/www.notredamedesion.fr\/prepas\/mpsi-et-mp\/ecoles\/\">les grandes \u00e9coles<\/a>. Peut-\u00eatre voulez-vous savoir comment cela se passe en pr\u00e9pa, pr\u00e9cis\u00e9ment dans <a href=\"http:\/\/www.notredamedesion.fr\/prepas\/mpsi-et-mp\/presentation\/mp\/\">les sections MPSI et MP<\/a> et sp\u00e9cialement \u00e0 <a href=\"http:\/\/www.notredamedesion.fr\/prepas\/mpsi-et-mp\/ecoles\/\">Notre Dame de Sion<\/a>.<\/p><p>Une visite \u00e0 notre <a href=\"http:\/\/www.notredamedesion.fr\/prepas\/mpsi-et-mp\/faq\/\">FAQ<\/a>, qui regroupe les questions les plus fr\u00e9quemment pos\u00e9es par les \u00e9l\u00e8ves et leur famille, vous sera certainement utile. Nous esp\u00e9rons que la visite de notre site vous apportera toute l&rsquo;information que vous souhaitez et vous donnera l&rsquo;envie de nous rejoindre l&rsquo;an prochain.<\/p><p>Vous pouvez prendre rendez-vous avec <a href=\"http:\/\/www.notredamedesion.fr\/contact\/nous-contacter\/\">la directrice des \u00e9tudes<\/a> pour tout renseignement que vous envisagiez une math sup MPSI ou une math sp\u00e9 MP en 3\/2 ou 5\/2 (voire 7\/2) dans notre \u00e9tablissement. Beaucoup d&rsquo;\u00e9l\u00e8ves d\u00e9motiv\u00e9s \u00e0 l&rsquo;issue de la premi\u00e8re ann\u00e9e ont retrouv\u00e9 confiance chez nous et ont brillamment r\u00e9ussi. N&rsquo;h\u00e9sitez pas \u00e0 nous rejoindre!<\/p><p><strong>Il est tout \u00e0 fait possible de vous r\u00e9orienter et de changer de fili\u00e8re apr\u00e8s une ann\u00e9e d&rsquo;\u00e9tudes sup\u00e9rieures. Nous accueillons tous les ans des \u00e9l\u00e8ves dans cette situation et leur donnons une seconde chance.<\/strong><\/p><p>Vous pouvez envoyer un mail \u00e0 la directrice des \u00e9tudes si vous souhaitez d\u00e9couvrir notre pr\u00e9pa.<\/p><p><a href=\"http:\/\/www.notredamedesion.fr\/prepas\/mpsi-et-mp\/actualites\/futurs-entrants\/\">Lien vers \u00ab\u00a0Actualit\u00e9s\u00a0\u00bb<\/a>\u00a0o\u00f9 vous trouvez une page r\u00e9serv\u00e9e aux futurs entrants.<\/p><p>Notre page \u00ab\u00a0<a href=\"http:\/\/www.notredamedesion.fr\/prepas\/mpsi-et-mp\/temoignages\/\">T\u00e9moignages<\/a>\u00a0\u00bb s&rsquo;est enrichie.<\/p><p>Et bien \u00e9videmment <a href=\"http:\/\/www.notredamedesion.fr\/prepas\/mpsi-et-mp\/admissions\/\">la page des r\u00e9sultats<\/a>. Nous n&rsquo;apparaissons pas sur les classements officiels car nous ne sommes pas sollicit\u00e9s. Mais ne vous inqui\u00e9tez pas, <strong>notre taux d&rsquo;admissibilit\u00e9 est excellent<\/strong>.\u00a0<\/p>\t\t\t\t\t\t\t\t<\/div>\n\t\t\t\t<\/div>\n\t\t\t\t<div class=\"elementor-element elementor-element-c45b4b0 elementor-widget elementor-widget-image\" data-id=\"c45b4b0\" data-element_type=\"widget\" data-e-type=\"widget\" data-widget_type=\"image.default\">\n\t\t\t\t<div class=\"elementor-widget-container\">\n\t\t\t\t\t\t\t\t\t\t\t\t\t\t\t<img decoding=\"async\" width=\"300\" height=\"347\" src=\"https:\/\/www.notredamedesion.fr\/lycee\/wp-content\/uploads\/2023\/06\/DL_07_Classe_Prepa-2.png\" class=\"attachment-large size-large wp-image-2012\" alt=\"\" \/>\t\t\t\t\t\t\t\t\t\t\t\t\t\t\t<\/div>\n\t\t\t\t<\/div>\n\t\t\t\t<div class=\"elementor-element elementor-element-0a04b6a elementor-widget elementor-widget-spacer\" data-id=\"0a04b6a\" data-element_type=\"widget\" data-e-type=\"widget\" data-widget_type=\"spacer.default\">\n\t\t\t\t<div class=\"elementor-widget-container\">\n\t\t\t\t\t\t\t<div class=\"elementor-spacer\">\n\t\t\t<div class=\"elementor-spacer-inner\"><\/div>\n\t\t<\/div>\n\t\t\t\t\t\t<\/div>\n\t\t\t\t<\/div>\n\t\t\t\t\t<\/div>\n\t\t<\/div>\n\t\t\t\t\t<\/div>\n\t\t<\/section>\n\t\t\t\t<\/div>\n\t\t","protected":false},"excerpt":{"rendered":"<p>PR\u00c9SENTATION 1992-2022: notre classe pr\u00e9paratoire a f\u00eat\u00e9 ses 30 ans! Depuis la rentr\u00e9e 2024, notre classe de deuxi\u00e8me ann\u00e9e a la d\u00e9nomination MP\/MP* (Math\u00e9matiques, Physique, Sciences de l\u2019ing\u00e9nieur). Tous les \u00e9l\u00e8ves qui poursuivront dans la fili\u00e8re iront dans cette classe, et l\u2019enseignement propos\u00e9 tiendra compte du niveau de chaque \u00e9tudiant, permettant \u00e0 tous les profils &hellip; <a href=\"https:\/\/www.notredamedesion.fr\/lycee\/prepa_mpsi_mp\/presentation\/\" class=\"more-link\">Continue reading<span class=\"screen-reader-text\"> \u00ab\u00a0Pr\u00e9sentation\u00a0\u00bb<\/span><\/a><\/p>\n","protected":false},"author":3,"featured_media":0,"parent":4438,"menu_order":1,"comment_status":"closed","ping_status":"closed","template":"elementor_header_footer","meta":{"sfsi_plus_gutenberg_text_before_share":"","sfsi_plus_gutenberg_show_text_before_share":"","sfsi_plus_gutenberg_icon_type":"","sfsi_plus_gutenberg_icon_alignemt":"","sfsi_plus_gutenburg_max_per_row":"","footnotes":""},"class_list":["post-4446","page","type-page","status-publish","hentry"],"_links":{"self":[{"href":"https:\/\/www.notredamedesion.fr\/lycee\/wp-json\/wp\/v2\/pages\/4446","targetHints":{"allow":["GET"]}}],"collection":[{"href":"https:\/\/www.notredamedesion.fr\/lycee\/wp-json\/wp\/v2\/pages"}],"about":[{"href":"https:\/\/www.notredamedesion.fr\/lycee\/wp-json\/wp\/v2\/types\/page"}],"author":[{"embeddable":true,"href":"https:\/\/www.notredamedesion.fr\/lycee\/wp-json\/wp\/v2\/users\/3"}],"replies":[{"embeddable":true,"href":"https:\/\/www.notredamedesion.fr\/lycee\/wp-json\/wp\/v2\/comments?post=4446"}],"version-history":[{"count":22,"href":"https:\/\/www.notredamedesion.fr\/lycee\/wp-json\/wp\/v2\/pages\/4446\/revisions"}],"predecessor-version":[{"id":5003,"href":"https:\/\/www.notredamedesion.fr\/lycee\/wp-json\/wp\/v2\/pages\/4446\/revisions\/5003"}],"up":[{"embeddable":true,"href":"https:\/\/www.notredamedesion.fr\/lycee\/wp-json\/wp\/v2\/pages\/4438"}],"wp:attachment":[{"href":"https:\/\/www.notredamedesion.fr\/lycee\/wp-json\/wp\/v2\/media?parent=4446"}],"curies":[{"name":"wp","href":"https:\/\/api.w.org\/{rel}","templated":true}]}}