{"id":3601,"date":"2025-09-21T14:09:13","date_gmt":"2025-09-21T13:09:13","guid":{"rendered":"https:\/\/www.notredamedesion.fr\/lycee\/?page_id=3601"},"modified":"2025-11-05T20:29:48","modified_gmt":"2025-11-05T19:29:48","slug":"presentation-2","status":"publish","type":"page","link":"https:\/\/www.notredamedesion.fr\/lycee\/presentation-2\/","title":{"rendered":"Presentation"},"content":{"rendered":"\t\t<div data-elementor-type=\"wp-post\" data-elementor-id=\"3601\" class=\"elementor elementor-3601\">\n\t\t\t\t\t\t<section class=\"elementor-section elementor-top-section elementor-element elementor-element-51ef4b7 elementor-section-stretched lt-services elementor-section-boxed elementor-section-height-default elementor-section-height-default\" data-id=\"51ef4b7\" data-element_type=\"section\" data-e-type=\"section\" data-settings=\"{&quot;stretch_section&quot;:&quot;section-stretched&quot;,&quot;background_background&quot;:&quot;classic&quot;,&quot;shape_divider_bottom&quot;:&quot;tilt&quot;}\">\n\t\t\t\t\t<div class=\"elementor-shape elementor-shape-bottom\" aria-hidden=\"true\" data-negative=\"false\">\n\t\t\t<svg xmlns=\"http:\/\/www.w3.org\/2000\/svg\" viewBox=\"0 0 1000 100\" preserveAspectRatio=\"none\">\n\t<path class=\"elementor-shape-fill\" d=\"M0,6V0h1000v100L0,6z\"\/>\n<\/svg>\t\t<\/div>\n\t\t\t\t\t<div class=\"elementor-container elementor-column-gap-default\">\n\t\t\t\t\t<div class=\"elementor-column elementor-col-100 elementor-top-column elementor-element elementor-element-4435425\" data-id=\"4435425\" data-element_type=\"column\" data-e-type=\"column\">\n\t\t\t<div class=\"elementor-widget-wrap\">\n\t\t\t\t\t\t\t<\/div>\n\t\t<\/div>\n\t\t\t\t\t<\/div>\n\t\t<\/section>\n\t\t\t\t<section class=\"elementor-section elementor-top-section elementor-element elementor-element-64fd299 elementor-section-boxed elementor-section-height-default elementor-section-height-default\" data-id=\"64fd299\" data-element_type=\"section\" data-e-type=\"section\">\n\t\t\t\t\t\t<div class=\"elementor-container elementor-column-gap-default\">\n\t\t\t\t\t<div class=\"elementor-column elementor-col-100 elementor-top-column elementor-element elementor-element-b8e7ca1\" data-id=\"b8e7ca1\" data-element_type=\"column\" data-e-type=\"column\">\n\t\t\t<div class=\"elementor-widget-wrap elementor-element-populated\">\n\t\t\t\t\t\t<div class=\"elementor-element elementor-element-5d7d3c1 elementor-widget elementor-widget-heading\" data-id=\"5d7d3c1\" data-element_type=\"widget\" data-e-type=\"widget\" data-widget_type=\"heading.default\">\n\t\t\t\t<div class=\"elementor-widget-container\">\n\t\t\t\t\t<h1 class=\"elementor-heading-title elementor-size-default\">PR\u00c9SENTATION<\/h1>\t\t\t\t<\/div>\n\t\t\t\t<\/div>\n\t\t\t\t<div class=\"elementor-element elementor-element-b2634b3 elementor-widget elementor-widget-spacer\" data-id=\"b2634b3\" data-element_type=\"widget\" data-e-type=\"widget\" data-widget_type=\"spacer.default\">\n\t\t\t\t<div class=\"elementor-widget-container\">\n\t\t\t\t\t\t\t<div class=\"elementor-spacer\">\n\t\t\t<div class=\"elementor-spacer-inner\"><\/div>\n\t\t<\/div>\n\t\t\t\t\t\t<\/div>\n\t\t\t\t<\/div>\n\t\t\t\t\t<\/div>\n\t\t<\/div>\n\t\t\t\t\t<\/div>\n\t\t<\/section>\n\t\t\t\t<section class=\"elementor-section elementor-top-section elementor-element elementor-element-c61da8f elementor-section-boxed elementor-section-height-default elementor-section-height-default\" data-id=\"c61da8f\" data-element_type=\"section\" data-e-type=\"section\">\n\t\t\t\t\t\t<div class=\"elementor-container elementor-column-gap-default\">\n\t\t\t\t\t<div class=\"elementor-column elementor-col-100 elementor-top-column elementor-element elementor-element-7f33094\" data-id=\"7f33094\" data-element_type=\"column\" data-e-type=\"column\">\n\t\t\t<div class=\"elementor-widget-wrap elementor-element-populated\">\n\t\t\t\t\t\t<div class=\"elementor-element elementor-element-73f6753 elementor-widget elementor-widget-heading\" data-id=\"73f6753\" data-element_type=\"widget\" data-e-type=\"widget\" data-widget_type=\"heading.default\">\n\t\t\t\t<div class=\"elementor-widget-container\">\n\t\t\t\t\t<h2 class=\"elementor-heading-title elementor-size-default\">HISTORIQUE DE NOTRE DAME DE SION<\/h2>\t\t\t\t<\/div>\n\t\t\t\t<\/div>\n\t\t\t\t\t<\/div>\n\t\t<\/div>\n\t\t\t\t\t<\/div>\n\t\t<\/section>\n\t\t\t\t<section class=\"elementor-section elementor-top-section elementor-element elementor-element-afe9622 elementor-section-boxed elementor-section-height-default elementor-section-height-default\" data-id=\"afe9622\" data-element_type=\"section\" data-e-type=\"section\">\n\t\t\t\t\t\t<div class=\"elementor-container elementor-column-gap-default\">\n\t\t\t\t\t<div class=\"elementor-column elementor-col-50 elementor-top-column elementor-element elementor-element-203391b\" data-id=\"203391b\" data-element_type=\"column\" data-e-type=\"column\">\n\t\t\t<div class=\"elementor-widget-wrap elementor-element-populated\">\n\t\t\t\t\t\t<div class=\"elementor-element elementor-element-8b4c733 elementor-widget elementor-widget-image\" data-id=\"8b4c733\" data-element_type=\"widget\" data-e-type=\"widget\" data-widget_type=\"image.default\">\n\t\t\t\t<div class=\"elementor-widget-container\">\n\t\t\t\t\t\t\t\t\t\t\t\t\t\t\t<img fetchpriority=\"high\" decoding=\"async\" width=\"195\" height=\"300\" src=\"https:\/\/www.notredamedesion.fr\/lycee\/wp-content\/uploads\/2024\/04\/Theodore-Ratisbonne-195x300-1.jpg\" class=\"attachment-large size-large wp-image-2330\" alt=\"\" \/>\t\t\t\t\t\t\t\t\t\t\t\t\t\t\t<\/div>\n\t\t\t\t<\/div>\n\t\t\t\t\t<\/div>\n\t\t<\/div>\n\t\t\t\t<div class=\"elementor-column elementor-col-50 elementor-top-column elementor-element elementor-element-409fc9c\" data-id=\"409fc9c\" data-element_type=\"column\" data-e-type=\"column\">\n\t\t\t<div class=\"elementor-widget-wrap elementor-element-populated\">\n\t\t\t\t\t\t<div class=\"elementor-element elementor-element-8d6b32e elementor-widget elementor-widget-heading\" data-id=\"8d6b32e\" data-element_type=\"widget\" data-e-type=\"widget\" data-widget_type=\"heading.default\">\n\t\t\t\t<div class=\"elementor-widget-container\">\n\t\t\t\t\t<h3 class=\"elementor-heading-title elementor-size-default\">SON FONDATEUR :<\/h3>\t\t\t\t<\/div>\n\t\t\t\t<\/div>\n\t\t\t\t<div class=\"elementor-element elementor-element-be73992 elementor-widget elementor-widget-text-editor\" data-id=\"be73992\" data-element_type=\"widget\" data-e-type=\"widget\" data-widget_type=\"text-editor.default\">\n\t\t\t\t<div class=\"elementor-widget-container\">\n\t\t\t\t\t\t\t\t\t<p>Th\u00e9odore RATISBONNE, n\u00e9 \u00e0 Strasbourg en 1802, d\u2019une famille juive, avait re\u00e7u une \u00e9ducation pleine de droiture et d\u2019affection, mais peu de formation religieuse.<br \/>L\u2019enseignement d\u2019un jeune professeur de philosophie, Louis BAUTAIN, qui puisait sa science dans les Ecritures, et un dialogue avec une chr\u00e9tienne intelligente et cultiv\u00e9e, Mademoiselle HUMANN, acheminent peu \u00e0 peu Th\u00e9odore vers la d\u00e9couverte du Dieu de l\u2019Ancien et du Nouveau Testament.<br \/>Il est baptis\u00e9 \u00e0 24 ans, le samedi Saint, le 14 avril 1827.<br \/>Sa vie durant, comme chr\u00e9tien, puis comme pr\u00eatre, il trouve dans la Parole de Dieu son inspiration et son appel apostolique: celui-ci se concr\u00e9tisera apr\u00e8s le 20 janvier 1842, o\u00f9 son plus jeune fr\u00e8re, Alphonse, re\u00e7oit \u00e0 Rome, dans une apparition de Marie, la gr\u00e2ce de la foi chr\u00e9tienne. A la lumi\u00e8re de la Parole de Dieu, Th\u00e9odore d\u00e9chiffre le sens du signe de Marie et, stimul\u00e9 par son fr\u00e8re, fonde en 1843 la Congr\u00e9gation des Religieuses de Notre Dame de Sion.<\/p>\t\t\t\t\t\t\t\t<\/div>\n\t\t\t\t<\/div>\n\t\t\t\t<div class=\"elementor-element elementor-element-4d78c08 elementor-widget elementor-widget-heading\" data-id=\"4d78c08\" data-element_type=\"widget\" data-e-type=\"widget\" data-widget_type=\"heading.default\">\n\t\t\t\t<div class=\"elementor-widget-container\">\n\t\t\t\t\t<h3 class=\"elementor-heading-title elementor-size-default\">\u00ab NOTRE DAME \u00bb<\/h3>\t\t\t\t<\/div>\n\t\t\t\t<\/div>\n\t\t\t\t<div class=\"elementor-element elementor-element-acc0350 elementor-widget elementor-widget-text-editor\" data-id=\"acc0350\" data-element_type=\"widget\" data-e-type=\"widget\" data-widget_type=\"text-editor.default\">\n\t\t\t\t<div class=\"elementor-widget-container\">\n\t\t\t\t\t\t\t\t\t<p>La congr\u00e9gation est donc n\u00e9e d\u2019une initiative de Marie: son apparition \u00e0 Alphonse RATISBONNE, le 20 janvier 1842 dans l\u2019\u00e9glise de Sant\u2019Andrea delle Fratte \u00e0 Rome.<\/p>\t\t\t\t\t\t\t\t<\/div>\n\t\t\t\t<\/div>\n\t\t\t\t\t<\/div>\n\t\t<\/div>\n\t\t\t\t\t<\/div>\n\t\t<\/section>\n\t\t\t\t<section class=\"elementor-section elementor-top-section elementor-element elementor-element-a94acc6 elementor-section-boxed elementor-section-height-default elementor-section-height-default\" data-id=\"a94acc6\" data-element_type=\"section\" data-e-type=\"section\">\n\t\t\t\t\t\t<div class=\"elementor-container elementor-column-gap-default\">\n\t\t\t\t\t<div class=\"elementor-column elementor-col-50 elementor-top-column elementor-element elementor-element-4b5dc98\" data-id=\"4b5dc98\" data-element_type=\"column\" data-e-type=\"column\">\n\t\t\t<div class=\"elementor-widget-wrap elementor-element-populated\">\n\t\t\t\t\t\t<div class=\"elementor-element elementor-element-374c681 elementor-widget elementor-widget-heading\" data-id=\"374c681\" data-element_type=\"widget\" data-e-type=\"widget\" data-widget_type=\"heading.default\">\n\t\t\t\t<div class=\"elementor-widget-container\">\n\t\t\t\t\t<h3 class=\"elementor-heading-title elementor-size-default\">\u00ab SION \u00bb<\/h3>\t\t\t\t<\/div>\n\t\t\t\t<\/div>\n\t\t\t\t<div class=\"elementor-element elementor-element-bdf3517 elementor-widget elementor-widget-text-editor\" data-id=\"bdf3517\" data-element_type=\"widget\" data-e-type=\"widget\" data-widget_type=\"text-editor.default\">\n\t\t\t\t<div class=\"elementor-widget-container\">\n\t\t\t\t\t\t\t\t\t<p>Nom biblique de J\u00e9rusalem, symbole du peuple juif, auquel Marie appartient. \u00ab Sion est le v\u00e9ritable nom de la Sainte Vierge \u00bb Th\u00e9odore Ratisbonne.<\/p>\t\t\t\t\t\t\t\t<\/div>\n\t\t\t\t<\/div>\n\t\t\t\t<div class=\"elementor-element elementor-element-2e586d7 elementor-widget elementor-widget-heading\" data-id=\"2e586d7\" data-element_type=\"widget\" data-e-type=\"widget\" data-widget_type=\"heading.default\">\n\t\t\t\t<div class=\"elementor-widget-container\">\n\t\t\t\t\t<h3 class=\"elementor-heading-title elementor-size-default\">PRINCIPALES DATES HISTORIQUE<\/h3>\t\t\t\t<\/div>\n\t\t\t\t<\/div>\n\t\t\t\t<div class=\"elementor-element elementor-element-9820f6b elementor-widget elementor-widget-text-editor\" data-id=\"9820f6b\" data-element_type=\"widget\" data-e-type=\"widget\" data-widget_type=\"text-editor.default\">\n\t\t\t\t<div class=\"elementor-widget-container\">\n\t\t\t\t\t\t\t\t\t<p>-1856 Les fr\u00e8res RATISBONNE fondent \u00e0 Marseille (Ste Marguerite) une maison d\u2019\u00e9ducation.<br \/>-1877 Th\u00e9odore RATISBONNE arr\u00eate son choix sur un immeuble rue Paradis.<br \/>-1889 D\u00e9veloppement du pensionnat. Construction de La Chapelle.<br \/>-1905 La congr\u00e9gation poursuit son activit\u00e9 dans un contexte politique tendu.<br \/>-1945 Transformation des dortoirs en classes.<br \/>-1967 Notre Dame de Sion se recentre uniquement sur le second cycle lyc\u00e9e.<\/p>\t\t\t\t\t\t\t\t<\/div>\n\t\t\t\t<\/div>\n\t\t\t\t\t<\/div>\n\t\t<\/div>\n\t\t\t\t<div class=\"elementor-column elementor-col-50 elementor-top-column elementor-element elementor-element-bdad5ce\" data-id=\"bdad5ce\" data-element_type=\"column\" data-e-type=\"column\">\n\t\t\t<div class=\"elementor-widget-wrap elementor-element-populated\">\n\t\t\t\t\t\t<div class=\"elementor-element elementor-element-71efccd elementor-widget elementor-widget-image\" data-id=\"71efccd\" data-element_type=\"widget\" data-e-type=\"widget\" data-widget_type=\"image.default\">\n\t\t\t\t<div class=\"elementor-widget-container\">\n\t\t\t\t\t\t\t\t\t\t\t\t\t\t\t<img decoding=\"async\" width=\"203\" height=\"300\" src=\"https:\/\/www.notredamedesion.fr\/lycee\/wp-content\/uploads\/2024\/04\/Alphonse-Ratisbonne-203x300-1.jpg\" class=\"attachment-large size-large wp-image-2331\" alt=\"\" \/>\t\t\t\t\t\t\t\t\t\t\t\t\t\t\t<\/div>\n\t\t\t\t<\/div>\n\t\t\t\t\t<\/div>\n\t\t<\/div>\n\t\t\t\t\t<\/div>\n\t\t<\/section>\n\t\t\t\t<section class=\"elementor-section elementor-top-section elementor-element elementor-element-4343aa8 elementor-section-boxed elementor-section-height-default elementor-section-height-default\" data-id=\"4343aa8\" data-element_type=\"section\" data-e-type=\"section\">\n\t\t\t\t\t\t<div class=\"elementor-container elementor-column-gap-default\">\n\t\t\t\t\t<div class=\"elementor-column elementor-col-100 elementor-top-column elementor-element elementor-element-6e4ded9\" data-id=\"6e4ded9\" data-element_type=\"column\" data-e-type=\"column\">\n\t\t\t<div class=\"elementor-widget-wrap elementor-element-populated\">\n\t\t\t\t\t\t<div class=\"elementor-element elementor-element-d97e631 elementor-widget elementor-widget-spacer\" data-id=\"d97e631\" data-element_type=\"widget\" data-e-type=\"widget\" data-widget_type=\"spacer.default\">\n\t\t\t\t<div class=\"elementor-widget-container\">\n\t\t\t\t\t\t\t<div class=\"elementor-spacer\">\n\t\t\t<div class=\"elementor-spacer-inner\"><\/div>\n\t\t<\/div>\n\t\t\t\t\t\t<\/div>\n\t\t\t\t<\/div>\n\t\t\t\t<div class=\"elementor-element elementor-element-eb3e11f elementor-widget elementor-widget-heading\" data-id=\"eb3e11f\" data-element_type=\"widget\" data-e-type=\"widget\" data-widget_type=\"heading.default\">\n\t\t\t\t<div class=\"elementor-widget-container\">\n\t\t\t\t\t<h2 class=\"elementor-heading-title elementor-size-default\">PROJET COMMUN DES ETABLISSEMENTs<\/h2>\t\t\t\t<\/div>\n\t\t\t\t<\/div>\n\t\t\t\t<div class=\"elementor-element elementor-element-55d8748 elementor-widget elementor-widget-spacer\" data-id=\"55d8748\" data-element_type=\"widget\" data-e-type=\"widget\" data-widget_type=\"spacer.default\">\n\t\t\t\t<div class=\"elementor-widget-container\">\n\t\t\t\t\t\t\t<div class=\"elementor-spacer\">\n\t\t\t<div class=\"elementor-spacer-inner\"><\/div>\n\t\t<\/div>\n\t\t\t\t\t\t<\/div>\n\t\t\t\t<\/div>\n\t\t\t\t<div class=\"elementor-element elementor-element-f88ef62 elementor-widget elementor-widget-heading\" data-id=\"f88ef62\" data-element_type=\"widget\" data-e-type=\"widget\" data-widget_type=\"heading.default\">\n\t\t\t\t<div class=\"elementor-widget-container\">\n\t\t\t\t\t<h3 class=\"elementor-heading-title elementor-size-default\">Nos Valeurs<\/h3>\t\t\t\t<\/div>\n\t\t\t\t<\/div>\n\t\t\t\t\t<\/div>\n\t\t<\/div>\n\t\t\t\t\t<\/div>\n\t\t<\/section>\n\t\t\t\t<section class=\"elementor-section elementor-top-section elementor-element elementor-element-f8dfb90 elementor-section-boxed elementor-section-height-default elementor-section-height-default\" data-id=\"f8dfb90\" data-element_type=\"section\" data-e-type=\"section\">\n\t\t\t\t\t\t<div class=\"elementor-container elementor-column-gap-default\">\n\t\t\t\t\t<div class=\"elementor-column elementor-col-50 elementor-top-column elementor-element elementor-element-6a3936d\" data-id=\"6a3936d\" data-element_type=\"column\" data-e-type=\"column\">\n\t\t\t<div class=\"elementor-widget-wrap elementor-element-populated\">\n\t\t\t\t\t\t<div class=\"elementor-element elementor-element-43e2952 elementor-widget elementor-widget-image\" data-id=\"43e2952\" data-element_type=\"widget\" data-e-type=\"widget\" data-widget_type=\"image.default\">\n\t\t\t\t<div class=\"elementor-widget-container\">\n\t\t\t\t\t\t\t\t\t\t\t\t\t\t\t<img decoding=\"async\" width=\"840\" height=\"556\" src=\"https:\/\/www.notredamedesion.fr\/lycee\/wp-content\/uploads\/2023\/11\/DSC_0009-1024x678.jpg\" class=\"attachment-large size-large wp-image-2184\" alt=\"\" srcset=\"https:\/\/www.notredamedesion.fr\/lycee\/wp-content\/uploads\/2023\/11\/DSC_0009-1024x678.jpg 1024w, https:\/\/www.notredamedesion.fr\/lycee\/wp-content\/uploads\/2023\/11\/DSC_0009-500x331.jpg 500w, https:\/\/www.notredamedesion.fr\/lycee\/wp-content\/uploads\/2023\/11\/DSC_0009-768x509.jpg 768w, https:\/\/www.notredamedesion.fr\/lycee\/wp-content\/uploads\/2023\/11\/DSC_0009-1536x1017.jpg 1536w, https:\/\/www.notredamedesion.fr\/lycee\/wp-content\/uploads\/2023\/11\/DSC_0009-2048x1356.jpg 2048w, https:\/\/www.notredamedesion.fr\/lycee\/wp-content\/uploads\/2023\/11\/DSC_0009-1200x795.jpg 1200w\" sizes=\"(max-width: 709px) 85vw, (max-width: 909px) 67vw, (max-width: 1362px) 62vw, 840px\" \/>\t\t\t\t\t\t\t\t\t\t\t\t\t\t\t<\/div>\n\t\t\t\t<\/div>\n\t\t\t\t\t<\/div>\n\t\t<\/div>\n\t\t\t\t<div class=\"elementor-column elementor-col-50 elementor-top-column elementor-element elementor-element-6c146ea\" data-id=\"6c146ea\" data-element_type=\"column\" data-e-type=\"column\">\n\t\t\t<div class=\"elementor-widget-wrap elementor-element-populated\">\n\t\t\t\t\t\t<div class=\"elementor-element elementor-element-6a8c114 elementor-widget elementor-widget-heading\" data-id=\"6a8c114\" data-element_type=\"widget\" data-e-type=\"widget\" data-widget_type=\"heading.default\">\n\t\t\t\t<div class=\"elementor-widget-container\">\n\t\t\t\t\t<h4 class=\"elementor-heading-title elementor-size-default\">La Charte de Notre-Dame de Sion<\/h4>\t\t\t\t<\/div>\n\t\t\t\t<\/div>\n\t\t\t\t<div class=\"elementor-element elementor-element-3c49623 elementor-widget elementor-widget-text-editor\" data-id=\"3c49623\" data-element_type=\"widget\" data-e-type=\"widget\" data-widget_type=\"text-editor.default\">\n\t\t\t\t<div class=\"elementor-widget-container\">\n\t\t\t\t\t\t\t\t\t<p>Des origines \u00e0 nos jours<\/p><p>Issu d\u2019une famille juive de Strasbourg, Th\u00e9odore Ratisbonne (1802-1884) rencontre apr\u00e8s un long cheminement, la personne de J\u00e9sus-Christ. Il devient pr\u00eatre et d\u00e9couvre dans l\u2019\u00c9criture l\u2019amour de Dieu pour son peuple Isra\u00ebl. Le 20 janvier 1842, \u00e0 Rome, au cours d\u2019une apparition silencieuse de Marie, son fr\u00e8re Alphonse re\u00e7oit le don de la foi chr\u00e9tienne. A la suite de cet \u00e9v\u00e9nement, Th\u00e9odore fonde en 1843, le Congr\u00e9gation de Notre Dame de Sion. D\u00e8s l\u2019origine et pendant plus de 100 ans, les s\u0153urs de Notre Dame de Sion vivront leur vocation principalement dans les \u0153uvres d\u2019\u00e9ducation ouvertes \u00e0 tous les milieux et \u00e0 toutes les religions: Juifs, Musulmans, Chr\u00e9tiens de diff\u00e9rentes confessions\u2026 ce qui dans l\u2019enseignement catholique de l\u2019\u00e9poque \u00e9tait nouveau.<\/p><p>Apr\u00e8s la Shoah, c\u2019est-\u00e0-dire l\u2019extermination syst\u00e9matique des Juifs pendant la guerre de 1939-1945, et \u00e0 la suite de la d\u00e9claration \u00ab Nostra Aetate \u00bb fruit de la r\u00e9flexion du Concile Vatican II, la congr\u00e9gation prend une conscience plus vive des appels contenus dans son charisme.<\/p>\t\t\t\t\t\t\t\t<\/div>\n\t\t\t\t<\/div>\n\t\t\t\t\t<\/div>\n\t\t<\/div>\n\t\t\t\t\t<\/div>\n\t\t<\/section>\n\t\t\t\t<section class=\"elementor-section elementor-top-section elementor-element elementor-element-4545dd6 elementor-section-boxed elementor-section-height-default elementor-section-height-default\" data-id=\"4545dd6\" data-element_type=\"section\" data-e-type=\"section\">\n\t\t\t\t\t\t<div class=\"elementor-container elementor-column-gap-default\">\n\t\t\t\t\t<div class=\"elementor-column elementor-col-100 elementor-top-column elementor-element elementor-element-85c455d\" data-id=\"85c455d\" data-element_type=\"column\" data-e-type=\"column\">\n\t\t\t<div class=\"elementor-widget-wrap elementor-element-populated\">\n\t\t\t\t\t\t<div class=\"elementor-element elementor-element-f410962 elementor-widget elementor-widget-testimonial\" data-id=\"f410962\" data-element_type=\"widget\" data-e-type=\"widget\" data-widget_type=\"testimonial.default\">\n\t\t\t\t<div class=\"elementor-widget-container\">\n\t\t\t\t\t\t\t<div class=\"elementor-testimonial-wrapper\">\n\t\t\t\t\t\t\t<div class=\"elementor-testimonial-content\">\u00ab T\u00e9moigner dans l\u2019\u00c9glise et dans le monde de la fid\u00e9lit\u00e9 de Dieu \u00e0 son amour pour le peuple juif et h\u00e2ter l\u2019accomplissement des promesses bibliques concernant les Juifs et tous les peuples. \u00bb<\/div>\n\t\t\t\n\t\t\t\t\t\t<div class=\"elementor-testimonial-meta elementor-has-image elementor-testimonial-image-position-top\">\n\t\t\t\t<div class=\"elementor-testimonial-meta-inner\">\n\t\t\t\t\t\t\t\t\t\t\t<div class=\"elementor-testimonial-image\">\n\t\t\t\t\t\t\t<img loading=\"lazy\" decoding=\"async\" width=\"145\" height=\"145\" src=\"https:\/\/www.notredamedesion.fr\/lycee\/wp-content\/uploads\/2024\/04\/Logo-Congregation-Sion.png\" class=\"attachment-full size-full wp-image-2320\" alt=\"\" \/>\t\t\t\t\t\t<\/div>\n\t\t\t\t\t\n\t\t\t\t\t\t\t\t\t\t<div class=\"elementor-testimonial-details\">\n\t\t\t\t\t\t\t\t\t\t\t\t\t\t\t\t\t\t\t\t<div class=\"elementor-testimonial-job\">Constitution n\u00b02<\/div>\n\t\t\t\t\t\t\t\t\t\t\t\t\t<\/div>\n\t\t\t\t\t\t\t\t\t<\/div>\n\t\t\t<\/div>\n\t\t\t\t\t<\/div>\n\t\t\t\t\t\t<\/div>\n\t\t\t\t<\/div>\n\t\t\t\t<div class=\"elementor-element elementor-element-ebad506 elementor-widget elementor-widget-text-editor\" data-id=\"ebad506\" data-element_type=\"widget\" data-e-type=\"widget\" data-widget_type=\"text-editor.default\">\n\t\t\t\t<div class=\"elementor-widget-container\">\n\t\t\t\t\t\t\t\t\t<p>Ses engagements apostoliques se diversifient. L\u2019\u00e9ducation garde une place pr\u00e9pond\u00e9rante en collaboration avec des la\u00efcs engag\u00e9s.<\/p>\n<p><strong>Aujourd\u2019hui<\/strong><\/p>\n<p>Fid\u00e8les aux valeurs que les fr\u00e8res Ratisbonne ont promues, les \u00e9tablissements de Sion s\u2019affirment espaces de dialogue :<\/p>\n<p><b>Sur le plan spirituel :<\/b><\/p>\n<ul>\n<li>Affirmer la richesse et l\u2019estime des diff\u00e9rences dans le respect de l\u2019homme et de ses droits fondamentaux. Cela suppose que tous les \u00e9l\u00e8ves soient accueillis dans leurs traditions culturelles et religieuses.<\/li>\n<li>Aider les chr\u00e9tiens \u00e0 prendre conscience des sources juives de leur foi afin de les accompagner dans la d\u00e9couverte de J\u00e9sus-Christ. La cat\u00e9ch\u00e8se propos\u00e9e ouvre ainsi chaque jeune \u00e0 la connaissance et \u00e0 l\u2019estime du juda\u00efsme d\u2019hier et d\u2019aujourd\u2019hui.<\/li>\n<li>Offrir \u00e0 tous une culture biblique pour s\u2019interroger ensemble sur le sens que chacun peut donner \u00e0 sa vie.<\/li>\n<li>Aider chacun \u00e0 progresser au-del\u00e0 des apparences et de la facilit\u00e9 en s\u2019interrogeant sur le myst\u00e8re de l\u2019\u00eatre, de la vie et sur le myst\u00e8re que nous appelons Dieu.<\/li>\n<\/ul>\n<p><b>Sur le plan \u00e9ducatif :<\/b><\/p>\n<ul>\n<li>Favoriser l\u2019acc\u00e8s \u00e0 la culture, non seulement pour r\u00e9ussir \u00e0 des examens, mais surtout pour se situer dans le monde et dans l\u2019histoire; s\u2019ouvrir \u00e0 l\u2019autre, au-del\u00e0 de la peur que peuvent nous inspirer ses diff\u00e9rences, le comprendre, combattre toute forme d\u2019injustice, de discrimination, de racisme, et en particulier l\u2019antis\u00e9mitisme.<\/li>\n<li>Affirmer la richesse d\u2019un monde multiculturel et reconna\u00eetre par l\u2019\u00e9ducation, la dimension universelle de l\u2019Homme.<\/li>\n<li>Intensifier les projets communs et les \u00e9changes d\u2019\u00e9l\u00e8ves et de professeurs au sein de notre famille de Sion.<\/li>\n<li>Faire m\u00e9moire : l\u2019Homme est le porteur d\u2019une histoire personnelle et collective. Il ne peut \u00eatre acteur d\u2019un avenir \u00e0 construire sans se souvenir du pass\u00e9 et sans volont\u00e9 de r\u00e9conciliation.<\/li>\n<li>Insister sur la formation au questionnement et \u00e0 l\u2019esprit critique pour parvenir \u00e0 un meilleur discernement dans la formation religieuse comme dans la formation profane.<\/li>\n<li>Regarder chaque jeune comme s\u2019inscrivant dans une histoire, qui ne commence ni ne finit avec son passage \u00e0 Notre Dame de Sion. Son pass\u00e9 est important. Son avenir est au-del\u00e0 des projets que ses \u00e9ducateurs, parents, enseignants, peuvent faire pour lui. Dans le pr\u00e9sent, les adultes qui l\u2019entourent lui doivent confiance, bienveillance, \u00e9coute, pardon et respect.<\/li>\n<\/ul>\t\t\t\t\t\t\t\t<\/div>\n\t\t\t\t<\/div>\n\t\t\t\t<div class=\"elementor-element elementor-element-59dbf03 elementor-widget elementor-widget-testimonial\" data-id=\"59dbf03\" data-element_type=\"widget\" data-e-type=\"widget\" data-widget_type=\"testimonial.default\">\n\t\t\t\t<div class=\"elementor-widget-container\">\n\t\t\t\t\t\t\t<div class=\"elementor-testimonial-wrapper\">\n\t\t\t\t\t\t\t<div class=\"elementor-testimonial-content\">\u00ab Je crois en toi, tu es aim\u00e9 de Dieu. \u00bb<\/div>\n\t\t\t\n\t\t\t\t\t\t<div class=\"elementor-testimonial-meta elementor-has-image elementor-testimonial-image-position-top\">\n\t\t\t\t<div class=\"elementor-testimonial-meta-inner\">\n\t\t\t\t\t\t\t\t\t\t\t<div class=\"elementor-testimonial-image\">\n\t\t\t\t\t\t\t<img loading=\"lazy\" decoding=\"async\" width=\"145\" height=\"145\" src=\"https:\/\/www.notredamedesion.fr\/lycee\/wp-content\/uploads\/2024\/04\/Logo-Congregation-Sion.png\" class=\"attachment-full size-full wp-image-2320\" alt=\"\" \/>\t\t\t\t\t\t<\/div>\n\t\t\t\t\t\n\t\t\t\t\t\t\t\t\t<\/div>\n\t\t\t<\/div>\n\t\t\t\t\t<\/div>\n\t\t\t\t\t\t<\/div>\n\t\t\t\t<\/div>\n\t\t\t\t<div class=\"elementor-element elementor-element-e6b68fe elementor-widget elementor-widget-spacer\" data-id=\"e6b68fe\" data-element_type=\"widget\" data-e-type=\"widget\" data-widget_type=\"spacer.default\">\n\t\t\t\t<div class=\"elementor-widget-container\">\n\t\t\t\t\t\t\t<div class=\"elementor-spacer\">\n\t\t\t<div class=\"elementor-spacer-inner\"><\/div>\n\t\t<\/div>\n\t\t\t\t\t\t<\/div>\n\t\t\t\t<\/div>\n\t\t\t\t<div class=\"elementor-element elementor-element-8fced9f elementor-widget elementor-widget-heading\" data-id=\"8fced9f\" data-element_type=\"widget\" data-e-type=\"widget\" data-widget_type=\"heading.default\">\n\t\t\t\t<div class=\"elementor-widget-container\">\n\t\t\t\t\t<h3 class=\"elementor-heading-title elementor-size-default\">Notre projet \u00e9ducatif<\/h3>\t\t\t\t<\/div>\n\t\t\t\t<\/div>\n\t\t\t\t<div class=\"elementor-element elementor-element-f8746fd elementor-widget elementor-widget-text-editor\" data-id=\"f8746fd\" data-element_type=\"widget\" data-e-type=\"widget\" data-widget_type=\"text-editor.default\">\n\t\t\t\t<div class=\"elementor-widget-container\">\n\t\t\t\t\t\t\t\t\t<p>Accompagner le jeune pour qu\u2019il devienne :<\/p><p><strong>Un citoyen \u2013 Une citoyenne<\/strong><\/p>\t\t\t\t\t\t\t\t<\/div>\n\t\t\t\t<\/div>\n\t\t\t\t\t<\/div>\n\t\t<\/div>\n\t\t\t\t\t<\/div>\n\t\t<\/section>\n\t\t\t\t<section class=\"elementor-section elementor-top-section elementor-element elementor-element-5bd45a3 elementor-section-boxed elementor-section-height-default elementor-section-height-default\" data-id=\"5bd45a3\" data-element_type=\"section\" data-e-type=\"section\">\n\t\t\t\t\t\t<div class=\"elementor-container elementor-column-gap-default\">\n\t\t\t\t\t<div class=\"elementor-column elementor-col-33 elementor-top-column elementor-element elementor-element-acdc221\" data-id=\"acdc221\" data-element_type=\"column\" data-e-type=\"column\">\n\t\t\t<div class=\"elementor-widget-wrap elementor-element-populated\">\n\t\t\t\t\t\t<div class=\"elementor-element elementor-element-47840fc elementor-widget elementor-widget-text-editor\" data-id=\"47840fc\" data-element_type=\"widget\" data-e-type=\"widget\" data-widget_type=\"text-editor.default\">\n\t\t\t\t<div class=\"elementor-widget-container\">\n\t\t\t\t\t\t\t\t\t<p><strong>a) au lyc\u00e9e<\/strong><\/p><p>&#8211; Participer \u00e0 la vie du lyc\u00e9e<br \/>&#8211; Respecter les personnes, les locaux, les mat\u00e9riels<br \/>&#8211; Apprendre \u00e0 travailler et \u00e0 vivre avec les autres<br \/>&#8211; D\u00e9velopper des attitudes solidaires<\/p>\t\t\t\t\t\t\t\t<\/div>\n\t\t\t\t<\/div>\n\t\t\t\t\t<\/div>\n\t\t<\/div>\n\t\t\t\t<div class=\"elementor-column elementor-col-33 elementor-top-column elementor-element elementor-element-6e2353b\" data-id=\"6e2353b\" data-element_type=\"column\" data-e-type=\"column\">\n\t\t\t<div class=\"elementor-widget-wrap elementor-element-populated\">\n\t\t\t\t\t\t<div class=\"elementor-element elementor-element-4bba23a elementor-widget elementor-widget-text-editor\" data-id=\"4bba23a\" data-element_type=\"widget\" data-e-type=\"widget\" data-widget_type=\"text-editor.default\">\n\t\t\t\t<div class=\"elementor-widget-container\">\n\t\t\t\t\t\t\t\t\t<p><strong>b) dans la cit\u00e9<\/strong><\/p><p>&#8211; Agir selon ses droits et ses devoirs<br \/>&#8211; Devenir un acteur responsable dans sa vie sociale et<br \/>professionnelle<\/p>\t\t\t\t\t\t\t\t<\/div>\n\t\t\t\t<\/div>\n\t\t\t\t\t<\/div>\n\t\t<\/div>\n\t\t\t\t<div class=\"elementor-column elementor-col-33 elementor-top-column elementor-element elementor-element-3662c65\" data-id=\"3662c65\" data-element_type=\"column\" data-e-type=\"column\">\n\t\t\t<div class=\"elementor-widget-wrap elementor-element-populated\">\n\t\t\t\t\t\t<div class=\"elementor-element elementor-element-a24b40e elementor-widget elementor-widget-text-editor\" data-id=\"a24b40e\" data-element_type=\"widget\" data-e-type=\"widget\" data-widget_type=\"text-editor.default\">\n\t\t\t\t<div class=\"elementor-widget-container\">\n\t\t\t\t\t\t\t\t\t<p><strong>c) \u00e9largir ses r\u00e9f\u00e9rences culturelles (langues, traditions, autres,<\/strong><br \/><strong>religions)<\/strong><\/p><p>&#8211; Agir pour le respect de l\u2019environnement<br \/>&#8211; S\u2019affirmer en tant que citoyen du monde<\/p>\t\t\t\t\t\t\t\t<\/div>\n\t\t\t\t<\/div>\n\t\t\t\t\t<\/div>\n\t\t<\/div>\n\t\t\t\t\t<\/div>\n\t\t<\/section>\n\t\t\t\t<section class=\"elementor-section elementor-top-section elementor-element elementor-element-3cc0380 elementor-section-boxed elementor-section-height-default elementor-section-height-default\" data-id=\"3cc0380\" data-element_type=\"section\" data-e-type=\"section\">\n\t\t\t\t\t\t<div class=\"elementor-container elementor-column-gap-default\">\n\t\t\t\t\t<div class=\"elementor-column elementor-col-100 elementor-top-column elementor-element elementor-element-02b7915\" data-id=\"02b7915\" data-element_type=\"column\" data-e-type=\"column\">\n\t\t\t<div class=\"elementor-widget-wrap elementor-element-populated\">\n\t\t\t\t\t\t<div class=\"elementor-element elementor-element-7ad44e4 elementor-widget elementor-widget-text-editor\" data-id=\"7ad44e4\" data-element_type=\"widget\" data-e-type=\"widget\" data-widget_type=\"text-editor.default\">\n\t\t\t\t<div class=\"elementor-widget-container\">\n\t\t\t\t\t\t\t\t\t<p><strong>Un homme \u2013 Une femme<\/strong><\/p>\t\t\t\t\t\t\t\t<\/div>\n\t\t\t\t<\/div>\n\t\t\t\t\t<\/div>\n\t\t<\/div>\n\t\t\t\t\t<\/div>\n\t\t<\/section>\n\t\t\t\t<section class=\"elementor-section elementor-top-section elementor-element elementor-element-af531e8 elementor-section-boxed elementor-section-height-default elementor-section-height-default\" data-id=\"af531e8\" data-element_type=\"section\" data-e-type=\"section\">\n\t\t\t\t\t\t<div class=\"elementor-container elementor-column-gap-default\">\n\t\t\t\t\t<div class=\"elementor-column elementor-col-50 elementor-top-column elementor-element elementor-element-164ffb8\" data-id=\"164ffb8\" data-element_type=\"column\" data-e-type=\"column\">\n\t\t\t<div class=\"elementor-widget-wrap elementor-element-populated\">\n\t\t\t\t\t\t<div class=\"elementor-element elementor-element-98e97d7 elementor-widget elementor-widget-text-editor\" data-id=\"98e97d7\" data-element_type=\"widget\" data-e-type=\"widget\" data-widget_type=\"text-editor.default\">\n\t\t\t\t<div class=\"elementor-widget-container\">\n\t\t\t\t\t\t\t\t\t<p><br \/>&#8211; Apprendre \u00e0 se conna\u00eetre et donner un sens \u00e0 sa vie<br \/>&#8211; D\u00e9velopper ses qualit\u00e9s intrins\u00e8ques<br \/>&#8211; Acqu\u00e9rir de nouvelles comp\u00e9tences<\/p>\t\t\t\t\t\t\t\t<\/div>\n\t\t\t\t<\/div>\n\t\t\t\t\t<\/div>\n\t\t<\/div>\n\t\t\t\t<div class=\"elementor-column elementor-col-50 elementor-top-column elementor-element elementor-element-ab5d58b\" data-id=\"ab5d58b\" data-element_type=\"column\" data-e-type=\"column\">\n\t\t\t<div class=\"elementor-widget-wrap elementor-element-populated\">\n\t\t\t\t\t\t<div class=\"elementor-element elementor-element-9925e5f elementor-widget elementor-widget-text-editor\" data-id=\"9925e5f\" data-element_type=\"widget\" data-e-type=\"widget\" data-widget_type=\"text-editor.default\">\n\t\t\t\t<div class=\"elementor-widget-container\">\n\t\t\t\t\t\t\t\t\t<p><br \/>&#8211; Avoir envie d\u2019apprendre, d\u2019entreprendre et de r\u00e9ussir<br \/>&#8211; S\u2019informer, se cultiver, d\u00e9velopper son sens critique<br \/>&#8211; Prendre go\u00fbt \u00e0 l\u2019effort et se doter de projets<\/p>\t\t\t\t\t\t\t\t<\/div>\n\t\t\t\t<\/div>\n\t\t\t\t\t<\/div>\n\t\t<\/div>\n\t\t\t\t\t<\/div>\n\t\t<\/section>\n\t\t\t\t<section class=\"elementor-section elementor-top-section elementor-element elementor-element-027c96d elementor-section-boxed elementor-section-height-default elementor-section-height-default\" data-id=\"027c96d\" data-element_type=\"section\" data-e-type=\"section\">\n\t\t\t\t\t\t<div class=\"elementor-container elementor-column-gap-default\">\n\t\t\t\t\t<div class=\"elementor-column elementor-col-100 elementor-top-column elementor-element elementor-element-bceb384\" data-id=\"bceb384\" data-element_type=\"column\" data-e-type=\"column\">\n\t\t\t<div class=\"elementor-widget-wrap elementor-element-populated\">\n\t\t\t\t\t\t<div class=\"elementor-element elementor-element-8d8e367 elementor-widget elementor-widget-spacer\" data-id=\"8d8e367\" data-element_type=\"widget\" data-e-type=\"widget\" data-widget_type=\"spacer.default\">\n\t\t\t\t<div class=\"elementor-widget-container\">\n\t\t\t\t\t\t\t<div class=\"elementor-spacer\">\n\t\t\t<div class=\"elementor-spacer-inner\"><\/div>\n\t\t<\/div>\n\t\t\t\t\t\t<\/div>\n\t\t\t\t<\/div>\n\t\t\t\t<div class=\"elementor-element elementor-element-4942a56 elementor-widget elementor-widget-heading\" data-id=\"4942a56\" data-element_type=\"widget\" data-e-type=\"widget\" data-widget_type=\"heading.default\">\n\t\t\t\t<div class=\"elementor-widget-container\">\n\t\t\t\t\t<h3 class=\"elementor-heading-title elementor-size-default\">Nos Objectifs<\/h3>\t\t\t\t<\/div>\n\t\t\t\t<\/div>\n\t\t\t\t\t<\/div>\n\t\t<\/div>\n\t\t\t\t\t<\/div>\n\t\t<\/section>\n\t\t\t\t<section class=\"elementor-section elementor-top-section elementor-element elementor-element-2582a90 elementor-section-boxed elementor-section-height-default elementor-section-height-default\" data-id=\"2582a90\" data-element_type=\"section\" data-e-type=\"section\">\n\t\t\t\t\t\t<div class=\"elementor-container elementor-column-gap-default\">\n\t\t\t\t\t<div class=\"elementor-column elementor-col-50 elementor-top-column elementor-element elementor-element-5b564be\" data-id=\"5b564be\" data-element_type=\"column\" data-e-type=\"column\">\n\t\t\t<div class=\"elementor-widget-wrap elementor-element-populated\">\n\t\t\t\t\t\t<div class=\"elementor-element elementor-element-cbf2359 elementor-widget elementor-widget-text-editor\" data-id=\"cbf2359\" data-element_type=\"widget\" data-e-type=\"widget\" data-widget_type=\"text-editor.default\">\n\t\t\t\t<div class=\"elementor-widget-container\">\n\t\t\t\t\t\t\t\t\t<p>&#8211; Accro\u00eetre la motivation et encourager les \u00e9l\u00e8ves<br \/>&#8211; D\u00e9velopper la communication interne et externe<br \/>&#8211; Accueillir le handicap<br \/>&#8211; Renforcer l\u2019action des partenaires \u00e9ducatifs<br \/>&#8211; Favoriser les pratiques culturelles dans l\u2019\u00e9tablissement<br \/>&#8211; Equilibrer la quantit\u00e9 et la qualit\u00e9 des options propos\u00e9es et en<br \/>faciliter les choix<br \/>&#8211; Asseoir les pratiques citoyennes au sein de l\u2019\u00e9tablissement<\/p>\t\t\t\t\t\t\t\t<\/div>\n\t\t\t\t<\/div>\n\t\t\t\t\t<\/div>\n\t\t<\/div>\n\t\t\t\t<div class=\"elementor-column elementor-col-50 elementor-top-column elementor-element elementor-element-b871aeb\" data-id=\"b871aeb\" data-element_type=\"column\" data-e-type=\"column\">\n\t\t\t<div class=\"elementor-widget-wrap elementor-element-populated\">\n\t\t\t\t\t\t<div class=\"elementor-element elementor-element-c3dd7bd elementor-widget elementor-widget-text-editor\" data-id=\"c3dd7bd\" data-element_type=\"widget\" data-e-type=\"widget\" data-widget_type=\"text-editor.default\">\n\t\t\t\t<div class=\"elementor-widget-container\">\n\t\t\t\t\t\t\t\t\t<p>&#8211; Viser l\u2019excellence<br \/>&#8211; Affirmer notre caract\u00e8re propre<br \/>&#8211; Veiller \u00e0 la coh\u00e9rence entre nos intentions et nos pratiques<br \/>&#8211; S\u2019ouvrir davantage \u00e0 l\u2019international<br \/>&#8211; Enraciner la fili\u00e8re L \u00e0 Notre-Dame de Sion<br \/>&#8211; Aider les \u00e9l\u00e8ves \u00e0 trouver leur voie professionnelle, les conseiller<br \/>dans leur choix d\u2019options et de fili\u00e8res<br \/>&#8211; \u00c9viter de tenir des propos d\u00e9valorisants sur telles sections, telles<br \/>disciplines mais au contraire en faire valoir les aspects importants et positifs.<\/p>\t\t\t\t\t\t\t\t<\/div>\n\t\t\t\t<\/div>\n\t\t\t\t\t<\/div>\n\t\t<\/div>\n\t\t\t\t\t<\/div>\n\t\t<\/section>\n\t\t\t\t<section class=\"elementor-section elementor-top-section elementor-element elementor-element-1409248 elementor-section-boxed elementor-section-height-default elementor-section-height-default\" data-id=\"1409248\" data-element_type=\"section\" data-e-type=\"section\">\n\t\t\t\t\t\t<div class=\"elementor-container elementor-column-gap-default\">\n\t\t\t\t\t<div class=\"elementor-column elementor-col-100 elementor-top-column elementor-element elementor-element-8f491cb\" data-id=\"8f491cb\" data-element_type=\"column\" data-e-type=\"column\">\n\t\t\t<div class=\"elementor-widget-wrap elementor-element-populated\">\n\t\t\t\t\t\t<div class=\"elementor-element elementor-element-550ff6a elementor-widget elementor-widget-spacer\" data-id=\"550ff6a\" data-element_type=\"widget\" data-e-type=\"widget\" data-widget_type=\"spacer.default\">\n\t\t\t\t<div class=\"elementor-widget-container\">\n\t\t\t\t\t\t\t<div class=\"elementor-spacer\">\n\t\t\t<div class=\"elementor-spacer-inner\"><\/div>\n\t\t<\/div>\n\t\t\t\t\t\t<\/div>\n\t\t\t\t<\/div>\n\t\t\t\t<div class=\"elementor-element elementor-element-b5b907b elementor-widget elementor-widget-heading\" data-id=\"b5b907b\" data-element_type=\"widget\" data-e-type=\"widget\" data-widget_type=\"heading.default\">\n\t\t\t\t<div class=\"elementor-widget-container\">\n\t\t\t\t\t<h3 class=\"elementor-heading-title elementor-size-default\">Nos engagements<\/h3>\t\t\t\t<\/div>\n\t\t\t\t<\/div>\n\t\t\t\t\t<\/div>\n\t\t<\/div>\n\t\t\t\t\t<\/div>\n\t\t<\/section>\n\t\t\t\t<section class=\"elementor-section elementor-top-section elementor-element elementor-element-f6afca9 elementor-section-boxed elementor-section-height-default elementor-section-height-default\" data-id=\"f6afca9\" data-element_type=\"section\" data-e-type=\"section\">\n\t\t\t\t\t\t<div class=\"elementor-container elementor-column-gap-default\">\n\t\t\t\t\t<div class=\"elementor-column elementor-col-50 elementor-top-column elementor-element elementor-element-d3f6f8e\" data-id=\"d3f6f8e\" data-element_type=\"column\" data-e-type=\"column\">\n\t\t\t<div class=\"elementor-widget-wrap elementor-element-populated\">\n\t\t\t\t\t\t<div class=\"elementor-element elementor-element-8e8bc6c elementor-widget elementor-widget-text-editor\" data-id=\"8e8bc6c\" data-element_type=\"widget\" data-e-type=\"widget\" data-widget_type=\"text-editor.default\">\n\t\t\t\t<div class=\"elementor-widget-container\">\n\t\t\t\t\t\t\t\t\t<p>&#8211; Valoriser les attitudes positives<br \/>&#8211; Att\u00e9nuer les propos ou attitudes visant \u00e0 mettre les \u00e9l\u00e8ves en rivalit\u00e9 et en comp\u00e9tition<br \/>&#8211; Appr\u00e9ciations plus personnalis\u00e9es sur les bulletins de notes<br \/>&#8211; R\u00e9alisation d\u2019une plaquette de pr\u00e9sentation du lyc\u00e9e pour les personnels et les nouveaux arrivants<br \/>&#8211; D\u00e9velopper l\u2019entraide (les plus dou\u00e9s aident les plus faibles)<br \/>&#8211; Accompagnement des jeunes professeurs<br \/>&#8211; Recherche de lyc\u00e9es \u00e9trangers partenaires pour l\u2019\u00e9change d\u2019\u00e9l\u00e8ves et d\u2019enseignants<br \/>&#8211; D\u00e9velopper les liens avec les autres \u00e9tablissements de Sion \u00e0 travers le monde<br \/>&#8211; Cr\u00e9ation d\u2019une section europ\u00e9enne<br \/>&#8211; Cr\u00e9ation d\u2019un laboratoire de langues<br \/>&#8211; D\u00e9velopper les temps de rencontres, d\u2019\u00e9changes et de loisirs avec tous les personnels<br \/>&#8211; Mise en place d\u2019un r\u00e9seau intranet et d\u00e9velopper la communication interne<br \/>&#8211; Organisation r\u00e9guli\u00e8re de conf\u00e9rences<\/p>\t\t\t\t\t\t\t\t<\/div>\n\t\t\t\t<\/div>\n\t\t\t\t\t<\/div>\n\t\t<\/div>\n\t\t\t\t<div class=\"elementor-column elementor-col-50 elementor-top-column elementor-element elementor-element-2aa1968\" data-id=\"2aa1968\" data-element_type=\"column\" data-e-type=\"column\">\n\t\t\t<div class=\"elementor-widget-wrap elementor-element-populated\">\n\t\t\t\t\t\t<div class=\"elementor-element elementor-element-9a1de34 elementor-widget elementor-widget-text-editor\" data-id=\"9a1de34\" data-element_type=\"widget\" data-e-type=\"widget\" data-widget_type=\"text-editor.default\">\n\t\t\t\t<div class=\"elementor-widget-container\">\n\t\t\t\t\t\t\t\t\t<p>&#8211; Valoriser les comp\u00e9tences des \u00e9l\u00e8ves dans leur classe, dans l\u2019\u00e9tablissement<br \/>&#8211; Cr\u00e9ation d\u2019ateliers culturels : chorale, th\u00e9\u00e2tre, expositions temporaires\u2026<br \/>Int\u00e9gration plus conviviale des \u00e9l\u00e8ves de seconde<br \/>&#8211; Mise en place de groupes d\u2019\u00e9change et d\u2019analyse de pratiques professionnelles<br \/>&#8211; Am\u00e9liorer les relations interpersonnelles (conseil de classe, conseil de tous, r\u00f4le de d\u00e9l\u00e9gu\u00e9s)<br \/>&#8211; Am\u00e9liorer la qualit\u00e9 de vie (espaces verts, restauration, salle de d\u00e9tente\u2026)<br \/>&#8211; D\u00e9finir nos besoins en locaux \u00e0 moyen et long terme<br \/>&#8211; Cr\u00e9ation d\u2019un fichier options facilitant le choix des \u00e9l\u00e8ves actuellement en classe de 3\u00e8me<br \/>&#8211; D\u00e9corer nos murs et nos jardins<br \/>&#8211; Proposer des tuteurs pour des \u00e9l\u00e8ves en difficult\u00e9<br \/>&#8211; Am\u00e9nager un espace repos, d\u00e9tente<br \/>&#8211; Cr\u00e9er un lieu propice pour rencontrer et dialoguer avec les parents, les \u00e9l\u00e8ves<br \/>&#8211; Rendre notre site internet interactif et plus complet<\/p>\t\t\t\t\t\t\t\t<\/div>\n\t\t\t\t<\/div>\n\t\t\t\t\t<\/div>\n\t\t<\/div>\n\t\t\t\t\t<\/div>\n\t\t<\/section>\n\t\t\t\t<section class=\"elementor-section elementor-top-section elementor-element elementor-element-5c5160a elementor-section-boxed elementor-section-height-default elementor-section-height-default\" data-id=\"5c5160a\" data-element_type=\"section\" data-e-type=\"section\">\n\t\t\t\t\t\t<div class=\"elementor-container elementor-column-gap-default\">\n\t\t\t\t\t<div class=\"elementor-column elementor-col-100 elementor-top-column elementor-element elementor-element-ef06305\" data-id=\"ef06305\" data-element_type=\"column\" data-e-type=\"column\">\n\t\t\t<div class=\"elementor-widget-wrap elementor-element-populated\">\n\t\t\t\t\t\t<div class=\"elementor-element elementor-element-029cebd elementor-widget elementor-widget-spacer\" data-id=\"029cebd\" data-element_type=\"widget\" data-e-type=\"widget\" data-widget_type=\"spacer.default\">\n\t\t\t\t<div class=\"elementor-widget-container\">\n\t\t\t\t\t\t\t<div class=\"elementor-spacer\">\n\t\t\t<div class=\"elementor-spacer-inner\"><\/div>\n\t\t<\/div>\n\t\t\t\t\t\t<\/div>\n\t\t\t\t<\/div>\n\t\t\t\t\t<\/div>\n\t\t<\/div>\n\t\t\t\t\t<\/div>\n\t\t<\/section>\n\t\t\t\t<\/div>\n\t\t","protected":false},"excerpt":{"rendered":"<p>PR\u00c9SENTATION HISTORIQUE DE NOTRE DAME DE SION SON FONDATEUR : Th\u00e9odore RATISBONNE, n\u00e9 \u00e0 Strasbourg en 1802, d\u2019une famille juive, avait re\u00e7u une \u00e9ducation pleine de droiture et d\u2019affection, mais peu de formation religieuse.L\u2019enseignement d\u2019un jeune professeur de philosophie, Louis BAUTAIN, qui puisait sa science dans les Ecritures, et un dialogue avec une chr\u00e9tienne intelligente &hellip; <a href=\"https:\/\/www.notredamedesion.fr\/lycee\/presentation-2\/\" class=\"more-link\">Continue reading<span class=\"screen-reader-text\"> \u00ab\u00a0Presentation\u00a0\u00bb<\/span><\/a><\/p>\n","protected":false},"author":3,"featured_media":0,"parent":0,"menu_order":2,"comment_status":"closed","ping_status":"closed","template":"elementor_header_footer","meta":{"sfsi_plus_gutenberg_text_before_share":"","sfsi_plus_gutenberg_show_text_before_share":"","sfsi_plus_gutenberg_icon_type":"","sfsi_plus_gutenberg_icon_alignemt":"","sfsi_plus_gutenburg_max_per_row":"","footnotes":""},"class_list":["post-3601","page","type-page","status-publish","hentry"],"_links":{"self":[{"href":"https:\/\/www.notredamedesion.fr\/lycee\/wp-json\/wp\/v2\/pages\/3601","targetHints":{"allow":["GET"]}}],"collection":[{"href":"https:\/\/www.notredamedesion.fr\/lycee\/wp-json\/wp\/v2\/pages"}],"about":[{"href":"https:\/\/www.notredamedesion.fr\/lycee\/wp-json\/wp\/v2\/types\/page"}],"author":[{"embeddable":true,"href":"https:\/\/www.notredamedesion.fr\/lycee\/wp-json\/wp\/v2\/users\/3"}],"replies":[{"embeddable":true,"href":"https:\/\/www.notredamedesion.fr\/lycee\/wp-json\/wp\/v2\/comments?post=3601"}],"version-history":[{"count":38,"href":"https:\/\/www.notredamedesion.fr\/lycee\/wp-json\/wp\/v2\/pages\/3601\/revisions"}],"predecessor-version":[{"id":4675,"href":"https:\/\/www.notredamedesion.fr\/lycee\/wp-json\/wp\/v2\/pages\/3601\/revisions\/4675"}],"wp:attachment":[{"href":"https:\/\/www.notredamedesion.fr\/lycee\/wp-json\/wp\/v2\/media?parent=3601"}],"curies":[{"name":"wp","href":"https:\/\/api.w.org\/{rel}","templated":true}]}}