{"id":2080,"date":"2023-06-21T23:40:49","date_gmt":"2023-06-21T22:40:49","guid":{"rendered":"https:\/\/www.notredamedesion.fr\/lycee\/?page_id=2080"},"modified":"2025-10-10T18:10:24","modified_gmt":"2025-10-10T17:10:24","slug":"inscription","status":"publish","type":"page","link":"https:\/\/www.notredamedesion.fr\/lycee\/inscription\/","title":{"rendered":"Inscription"},"content":{"rendered":"\t\t<div data-elementor-type=\"wp-post\" data-elementor-id=\"2080\" class=\"elementor elementor-2080\">\n\t\t\t\t\t\t<section class=\"elementor-section elementor-top-section elementor-element elementor-element-51ef4b7 elementor-section-stretched lt-services elementor-section-boxed elementor-section-height-default elementor-section-height-default\" data-id=\"51ef4b7\" data-element_type=\"section\" data-e-type=\"section\" data-settings=\"{&quot;stretch_section&quot;:&quot;section-stretched&quot;,&quot;background_background&quot;:&quot;classic&quot;,&quot;shape_divider_bottom&quot;:&quot;tilt&quot;}\">\n\t\t\t\t\t<div class=\"elementor-shape elementor-shape-bottom\" aria-hidden=\"true\" data-negative=\"false\">\n\t\t\t<svg xmlns=\"http:\/\/www.w3.org\/2000\/svg\" viewBox=\"0 0 1000 100\" preserveAspectRatio=\"none\">\n\t<path class=\"elementor-shape-fill\" d=\"M0,6V0h1000v100L0,6z\"\/>\n<\/svg>\t\t<\/div>\n\t\t\t\t\t<div class=\"elementor-container elementor-column-gap-default\">\n\t\t\t\t\t<div class=\"elementor-column elementor-col-100 elementor-top-column elementor-element elementor-element-4435425\" data-id=\"4435425\" data-element_type=\"column\" data-e-type=\"column\">\n\t\t\t<div class=\"elementor-widget-wrap\">\n\t\t\t\t\t\t\t<\/div>\n\t\t<\/div>\n\t\t\t\t\t<\/div>\n\t\t<\/section>\n\t\t\t\t<section class=\"elementor-section elementor-top-section elementor-element elementor-element-315e752 elementor-section-boxed elementor-section-height-default elementor-section-height-default\" data-id=\"315e752\" data-element_type=\"section\" data-e-type=\"section\">\n\t\t\t\t\t\t<div class=\"elementor-container elementor-column-gap-default\">\n\t\t\t\t\t<div class=\"elementor-column elementor-col-100 elementor-top-column elementor-element elementor-element-cc8b34c\" data-id=\"cc8b34c\" data-element_type=\"column\" data-e-type=\"column\">\n\t\t\t<div class=\"elementor-widget-wrap elementor-element-populated\">\n\t\t\t\t\t\t<div class=\"elementor-element elementor-element-c10403a elementor-widget elementor-widget-heading\" data-id=\"c10403a\" data-element_type=\"widget\" data-e-type=\"widget\" data-widget_type=\"heading.default\">\n\t\t\t\t<div class=\"elementor-widget-container\">\n\t\t\t\t\t<h1 class=\"elementor-heading-title elementor-size-default\">PR\u00c9INSCRIPTIONS <\/h1>\t\t\t\t<\/div>\n\t\t\t\t<\/div>\n\t\t\t\t<div class=\"elementor-element elementor-element-c24950e elementor-widget elementor-widget-text-editor\" data-id=\"c24950e\" data-element_type=\"widget\" data-e-type=\"widget\" data-widget_type=\"text-editor.default\">\n\t\t\t\t<div class=\"elementor-widget-container\">\n\t\t\t\t\t\t\t\t\t<p style=\"text-align: center;\">Vous souhaitez inscrire votre enfant \u00e0 Notre-Dame de Sion et nous vous en remercions.<\/p>\t\t\t\t\t\t\t\t<\/div>\n\t\t\t\t<\/div>\n\t\t\t\t<div class=\"elementor-element elementor-element-a62276b elementor-widget elementor-widget-spacer\" data-id=\"a62276b\" data-element_type=\"widget\" data-e-type=\"widget\" data-widget_type=\"spacer.default\">\n\t\t\t\t<div class=\"elementor-widget-container\">\n\t\t\t\t\t\t\t<div class=\"elementor-spacer\">\n\t\t\t<div class=\"elementor-spacer-inner\"><\/div>\n\t\t<\/div>\n\t\t\t\t\t\t<\/div>\n\t\t\t\t<\/div>\n\t\t\t\t<div class=\"elementor-element elementor-element-8dd14b6 elementor-widget elementor-widget-heading\" data-id=\"8dd14b6\" data-element_type=\"widget\" data-e-type=\"widget\" data-widget_type=\"heading.default\">\n\t\t\t\t<div class=\"elementor-widget-container\">\n\t\t\t\t\t<h2 class=\"elementor-heading-title elementor-size-default\">Proc\u00e9dure de demande d\u2019inscription en Seconde (d\u00e8s le 5 septembre) :<\/h2>\t\t\t\t<\/div>\n\t\t\t\t<\/div>\n\t\t\t\t<div class=\"elementor-element elementor-element-6b8ae50 elementor-widget elementor-widget-text-editor\" data-id=\"6b8ae50\" data-element_type=\"widget\" data-e-type=\"widget\" data-widget_type=\"text-editor.default\">\n\t\t\t\t<div class=\"elementor-widget-container\">\n\t\t\t\t\t\t\t\t\t<p><strong>1) Remplir le formulaire de pr\u00e9inscription en ligne en cliquant sur ce lien :<\/strong> <a href=\"https:\/\/preinscriptions.ecoledirecte.com\/?RNE=0131341M\">https:\/\/preinscriptions.ecoledirecte.com\/?RNE=0131341M<\/a><\/p><p>Merci de renseigner les personnes responsables de l\u2019enfant\u00a0:<\/p><ul><li>Le responsable 1<\/li><\/ul><p>Puis ajouter l\u2019enfant<\/p><ul><li>Le responsable 2<p>Merci de v\u00e9rifier l\u2019absence d\u2019erreur avant de <strong>valider votre saisie<\/strong>. Veuillez v\u00e9rifier tout particuli\u00e8rement vos adresses mails car elles seront utilis\u00e9es pour les \u00e9changes avec le secr\u00e9tariat.<\/p><\/li><\/ul><p><strong>2) <u>D\u00e9poser via la demande en ligne<\/u><\/strong> les documents suivants\u00a0<strong>(\u00e0 la fin du questionnaire cliquer sur les \u00e9l\u00e9ments encadr\u00e9s en rouge pour ajouter les documents) <\/strong>:<\/p><ul><li>Photo d\u2019identit\u00e9 r\u00e9cente de votre enfant<\/li><li>Bulletins trimestriel ou semestriel de 4<sup>\u00e8me<\/sup><\/li><li>Bulletins trimestriel ou semestriel de 3<sup>\u00e8me<\/sup> au fur et \u00e0 mesure que vous les aurez re\u00e7us<\/li><li>Certificat de l\u2019ann\u00e9e en cours<\/li><li>Lettre de pr\u00e9sentation de la part des parents avec la demande d\u2019inscription<\/li><\/ul><p><strong><u>Si tous les documents indiqu\u00e9s par une ast\u00e9risque ne sont pas ajout\u00e9s correctement un message d\u2019erreur apparaitra. <\/u><\/strong><\/p><p>Un <strong>accus\u00e9 de r\u00e9ception de la demande en ligne vous sera adress\u00e9 par mail<\/strong> et vous tiendra inform\u00e9 du suivi.<\/p><p><strong>D\u00e9cision et r\u00e9ponse\u00a0:<\/strong><\/p><p><strong>Seuls les dossiers complets seront trait\u00e9s.<\/strong><\/p><p>Lorsque la candidature est recevable, un rendez-vous est propos\u00e9 par le secr\u00e9tariat.<\/p><p>Le jour de l\u2019entretien, accompagn\u00e9 de votre enfant, vous \u00eates re\u00e7us par la directrice, Madame ESTRANGIN, ou son adjointe Madame VINCENT qui, en cas d\u2019avis favorable vous remettra alors un dossier d\u2019inscription d\u00e9finitive.<\/p><p>Votre enfant sera consid\u00e9r\u00e9 comme inscrit apr\u00e8s le retour de ce dossier soigneusement compl\u00e9t\u00e9, l\u2019acompte r\u00e9gl\u00e9, accompagn\u00e9 des pi\u00e8ces r\u00e9clam\u00e9es et sous r\u00e9serve d\u2019un passage en classe sup\u00e9rieure.<\/p><p><strong>Dans tous les cas, l\u2019inscription d\u2019un \u00e9l\u00e8ve rel\u00e8ve de la seule d\u00e9cision du Chef d\u2019\u00c9tablissement.<\/strong><\/p>\t\t\t\t\t\t\t\t<\/div>\n\t\t\t\t<\/div>\n\t\t\t\t<div class=\"elementor-element elementor-element-ca4e586 elementor-widget elementor-widget-spacer\" data-id=\"ca4e586\" data-element_type=\"widget\" data-e-type=\"widget\" data-widget_type=\"spacer.default\">\n\t\t\t\t<div class=\"elementor-widget-container\">\n\t\t\t\t\t\t\t<div class=\"elementor-spacer\">\n\t\t\t<div class=\"elementor-spacer-inner\"><\/div>\n\t\t<\/div>\n\t\t\t\t\t\t<\/div>\n\t\t\t\t<\/div>\n\t\t\t\t<div class=\"elementor-element elementor-element-004a4d4 elementor-widget elementor-widget-heading\" data-id=\"004a4d4\" data-element_type=\"widget\" data-e-type=\"widget\" data-widget_type=\"heading.default\">\n\t\t\t\t<div class=\"elementor-widget-container\">\n\t\t\t\t\t<h3 class=\"elementor-heading-title elementor-size-default\">Contribution familiale pour l\u2019ann\u00e9e 2024\/2025 <\/h3>\t\t\t\t<\/div>\n\t\t\t\t<\/div>\n\t\t\t\t<div class=\"elementor-element elementor-element-b4f2ba5 elementor-widget elementor-widget-text-editor\" data-id=\"b4f2ba5\" data-element_type=\"widget\" data-e-type=\"widget\" data-widget_type=\"text-editor.default\">\n\t\t\t\t<div class=\"elementor-widget-container\">\n\t\t\t\t\t\t\t\t\t<p>en <strong>seconde<\/strong>, montante annuel : <strong>1 520 \u20ac<\/strong><\/p><p>en <strong>premi\u00e8re<\/strong>, montant annuel : 1 520 \u20ac + 78 \u20ac (bac blanc) soit <strong>1 598 \u20ac<\/strong><\/p><p>en <strong>terminale<\/strong>, montant annuel : 1 520 \u20ac + 68 \u20ac (bac blanc) soit <strong>1 588 \u20ac<\/strong><\/p>\t\t\t\t\t\t\t\t<\/div>\n\t\t\t\t<\/div>\n\t\t\t\t<div class=\"elementor-element elementor-element-291310d elementor-widget elementor-widget-spacer\" data-id=\"291310d\" data-element_type=\"widget\" data-e-type=\"widget\" data-widget_type=\"spacer.default\">\n\t\t\t\t<div class=\"elementor-widget-container\">\n\t\t\t\t\t\t\t<div class=\"elementor-spacer\">\n\t\t\t<div class=\"elementor-spacer-inner\"><\/div>\n\t\t<\/div>\n\t\t\t\t\t\t<\/div>\n\t\t\t\t<\/div>\n\t\t\t\t<div class=\"elementor-element elementor-element-035c07a elementor-widget elementor-widget-heading\" data-id=\"035c07a\" data-element_type=\"widget\" data-e-type=\"widget\" data-widget_type=\"heading.default\">\n\t\t\t\t<div class=\"elementor-widget-container\">\n\t\t\t\t\t<h2 class=\"elementor-heading-title elementor-size-default\">Pour les demandes d\u2019inscription en Premi\u00e8re et Terminale, la proc\u00e9dure est identique.<\/h2>\t\t\t\t<\/div>\n\t\t\t\t<\/div>\n\t\t\t\t<div class=\"elementor-element elementor-element-6d657d5 elementor-widget elementor-widget-text-editor\" data-id=\"6d657d5\" data-element_type=\"widget\" data-e-type=\"widget\" data-widget_type=\"text-editor.default\">\n\t\t\t\t<div class=\"elementor-widget-container\">\n\t\t\t\t\t\t\t\t\t<p><strong><em>Pr\u00e9ciser obligatoirement le portail envisag\u00e9, sinon votre demande ne pourra pas \u00eatre \u00e9tudi\u00e9e.<\/em><\/strong><\/p>\n<p>Le choix des portails pour la Premi\u00e8re se fera entre (sous r\u00e9serve de places disponibles) :<\/p>\n<table>\n<tbody>\n<tr>\n<td>&nbsp;<\/td>\n<td><strong>Sciences<\/strong><\/td>\n<td><strong>Sciences et Soci\u00e9t\u00e9<\/strong><\/td>\n<td><strong>Sciences Humaines<\/strong><\/td>\n<td><strong>Sciences et Arts<\/strong><\/td>\n<td><strong>Humanit\u00e9s et Arts<\/strong><\/td>\n<\/tr>\n<tr>\n<td>Sp\u00e9cialit\u00e9 1<\/td>\n<td><strong>Maths<\/strong><\/td>\n<td><strong>Maths<\/strong><\/td>\n<td><strong>SES<\/strong><\/td>\n<td><strong>Maths<\/strong><\/td>\n<td><strong>HLP<\/strong><\/td>\n<\/tr>\n<tr>\n<td>Sp\u00e9cialit\u00e9 2<\/td>\n<td><strong>PC <\/strong>ou<strong> SVT<\/strong><\/td>\n<td><strong>PC <\/strong>ou<strong> SVT<\/strong><\/td>\n<td><strong>HgScPo <\/strong>ou<strong> LLCE<\/strong><\/td>\n<td><strong>Arts<\/strong><\/td>\n<td><strong>Arts<\/strong><\/td>\n<\/tr>\n<tr>\n<td>Sp\u00e9cialit\u00e9 3<\/td>\n<td><strong>PC <\/strong>ou<strong> SVT <\/strong><strong><br><\/strong><\/td>\n<td><strong>HgScPo <\/strong>ou<strong> LLCE <\/strong>ou<strong> SES<\/strong><\/td>\n<td><strong>HgScPo <\/strong>ou<strong> LLCE<\/strong><strong> ou Maths<\/strong><\/td>\n<td><strong>PC <\/strong><\/td>\n<td><strong>HgScPo <\/strong>ou<strong> LLCE <\/strong><\/td>\n<\/tr>\n<\/tbody>\n<\/table>\n<p><\/p>\n<p>Arts Plastiques : Histoire des arts \/ Arts plastiques<br>HLP : Humanit\u00e9s, Litt\u00e9rature et Philosophie<br>HgScPo : Histoire G\u00e9ographie, G\u00e9opolitique et Sciences Politiques<br>LLCE : Langues, Litt\u00e9rature et Culture \u00c9trang\u00e8re \u2013 Anglais<br>Maths : Math\u00e9matiques<br>PC : Physique Chimie<br>SVT : Sciences de la Vie et de la Terre<br>SES : Sciences \u00c9conomiques et Sociales<\/p>\t\t\t\t\t\t\t\t<\/div>\n\t\t\t\t<\/div>\n\t\t\t\t<div class=\"elementor-element elementor-element-e4c3a3e elementor-widget elementor-widget-spacer\" data-id=\"e4c3a3e\" data-element_type=\"widget\" data-e-type=\"widget\" data-widget_type=\"spacer.default\">\n\t\t\t\t<div class=\"elementor-widget-container\">\n\t\t\t\t\t\t\t<div class=\"elementor-spacer\">\n\t\t\t<div class=\"elementor-spacer-inner\"><\/div>\n\t\t<\/div>\n\t\t\t\t\t\t<\/div>\n\t\t\t\t<\/div>\n\t\t\t\t\t<\/div>\n\t\t<\/div>\n\t\t\t\t\t<\/div>\n\t\t<\/section>\n\t\t\t\t<\/div>\n\t\t","protected":false},"excerpt":{"rendered":"<p>PR\u00c9INSCRIPTIONS Vous souhaitez inscrire votre enfant \u00e0 Notre-Dame de Sion et nous vous en remercions. Proc\u00e9dure de demande d\u2019inscription en Seconde (d\u00e8s le 5 septembre) : 1) Remplir le formulaire de pr\u00e9inscription en ligne en cliquant sur ce lien : https:\/\/preinscriptions.ecoledirecte.com\/?RNE=0131341M Merci de renseigner les personnes responsables de l\u2019enfant\u00a0: Le responsable 1 Puis ajouter l\u2019enfant &hellip; <a href=\"https:\/\/www.notredamedesion.fr\/lycee\/inscription\/\" class=\"more-link\">Continue reading<span class=\"screen-reader-text\"> \u00ab\u00a0Inscription\u00a0\u00bb<\/span><\/a><\/p>\n","protected":false},"author":3,"featured_media":0,"parent":0,"menu_order":70,"comment_status":"closed","ping_status":"closed","template":"elementor_header_footer","meta":{"sfsi_plus_gutenberg_text_before_share":"","sfsi_plus_gutenberg_show_text_before_share":"","sfsi_plus_gutenberg_icon_type":"","sfsi_plus_gutenberg_icon_alignemt":"","sfsi_plus_gutenburg_max_per_row":"","footnotes":""},"class_list":["post-2080","page","type-page","status-publish","hentry"],"_links":{"self":[{"href":"https:\/\/www.notredamedesion.fr\/lycee\/wp-json\/wp\/v2\/pages\/2080","targetHints":{"allow":["GET"]}}],"collection":[{"href":"https:\/\/www.notredamedesion.fr\/lycee\/wp-json\/wp\/v2\/pages"}],"about":[{"href":"https:\/\/www.notredamedesion.fr\/lycee\/wp-json\/wp\/v2\/types\/page"}],"author":[{"embeddable":true,"href":"https:\/\/www.notredamedesion.fr\/lycee\/wp-json\/wp\/v2\/users\/3"}],"replies":[{"embeddable":true,"href":"https:\/\/www.notredamedesion.fr\/lycee\/wp-json\/wp\/v2\/comments?post=2080"}],"version-history":[{"count":28,"href":"https:\/\/www.notredamedesion.fr\/lycee\/wp-json\/wp\/v2\/pages\/2080\/revisions"}],"predecessor-version":[{"id":3999,"href":"https:\/\/www.notredamedesion.fr\/lycee\/wp-json\/wp\/v2\/pages\/2080\/revisions\/3999"}],"wp:attachment":[{"href":"https:\/\/www.notredamedesion.fr\/lycee\/wp-json\/wp\/v2\/media?parent=2080"}],"curies":[{"name":"wp","href":"https:\/\/api.w.org\/{rel}","templated":true}]}}